{"id":795,"date":"2018-11-11T22:03:16","date_gmt":"2018-11-12T00:03:16","guid":{"rendered":"https:\/\/sites.pr.sebrae.com.br\/wiki\/?page_id=795"},"modified":"2019-11-05T14:01:26","modified_gmt":"2019-11-05T17:01:26","slug":"emissao-de-certificado","status":"publish","type":"page","link":"https:\/\/sites.pr.sebrae.com.br\/wiki\/disponibilizacao\/cadastro-disp\/emissao-de-certificado\/","title":{"rendered":"Emiss\u00e3o de certificado"},"content":{"rendered":"<section class=\"av_textblock_section \"  itemscope=\"itemscope\" itemtype=\"https:\/\/schema.org\/CreativeWork\" ><div class='avia_textblock  '   itemprop=\"text\" ><h2>Disponibiliza\u00e7\u00e3o &#8211; Emiss\u00e3o de certificado<\/h2>\n<p>A emiss\u00e3o de certificado \u00e9 liberada ap\u00f3s a confirma\u00e7\u00e3o das presen\u00e7as, participantes com menos 75% de presen\u00e7a n\u00e3o tem a op\u00e7\u00e3o de certificado.<\/p>\n<p>Disponibiliza\u00e7\u00e3o de consultoria n\u00e3o gera certificado.<\/p>\n<p>Para emitir um certificado, ap\u00f3s a confirma\u00e7\u00e3o de presen\u00e7a acesse:<br \/>\nSMART &gt; DISPONIBILIZA\u00c7\u00c3O &gt; CONSULTA(DISP)<\/p>\n<p><img loading=\"lazy\" class=\"alignnone size-full wp-image-797\" src=\"https:\/\/sites.pr.sebrae.com.br\/wiki\/wp-content\/uploads\/2018\/11\/certificado_1.png\" alt=\"\" width=\"976\" height=\"370\" srcset=\"https:\/\/sites.pr.sebrae.com.br\/wiki\/wp-content\/uploads\/2018\/11\/certificado_1.png 976w, https:\/\/sites.pr.sebrae.com.br\/wiki\/wp-content\/uploads\/2018\/11\/certificado_1-300x114.png 300w, https:\/\/sites.pr.sebrae.com.br\/wiki\/wp-content\/uploads\/2018\/11\/certificado_1-768x291.png 768w, https:\/\/sites.pr.sebrae.com.br\/wiki\/wp-content\/uploads\/2018\/11\/certificado_1-705x267.png 705w, https:\/\/sites.pr.sebrae.com.br\/wiki\/wp-content\/uploads\/2018\/11\/certificado_1-845x321.png 845w, https:\/\/sites.pr.sebrae.com.br\/wiki\/wp-content\/uploads\/2018\/11\/certificado_1-450x171.png 450w\" sizes=\"(max-width: 976px) 100vw, 976px\" \/><\/p>\n<p>Nesta tela voc\u00ea pode localizar a disponibiliza\u00e7\u00e3o do evento que est\u00e1 sendo realizado, podendo pesquisar pelos seguintes campos:<br \/>\n&#8211; C\u00f3digo do produto: este \u00e9 o c\u00f3digo do produto no SMART, por exemplo: 1639<\/p>\n<p>&#8211; Produto\/ Realizador: O nome do produto, por exemplo: Pratique controles financeiros.<\/p>\n<p>&#8211; C\u00f3digo da disponibiliza\u00e7\u00e3o: C\u00f3digo gerado automaticamente ao realizar a disponibiliza\u00e7\u00e3o do evento.<\/p>\n<p>&#8211; Unidade disponibilizadora: Unidade que o usu\u00e1rio estava logado quando criou a disponibiliza\u00e7\u00e3o.<\/p>\n<p>&#8211; Status da disponibiliza\u00e7\u00e3o: voc\u00ea poder\u00e1 localizar a disponibiliza\u00e7\u00e3o conforme o seu status sendo vai acontecer, est\u00e1 acontecendo, realizada, entre outras.<\/p>\n<p>&#8211; Data: Per\u00edodo em que a disponibiliza\u00e7\u00e3o ocorreu.<\/p>\n<p>&#8211; Centro de custo: o centro de custo em que a disponibiliza\u00e7\u00e3o foi criada.<\/p>\n<p>&#8211; Origem do produto: este campo \u00e9 referente a cria\u00e7\u00e3o do produto, se \u00e9 um produto do Sebrae\/NA, ou do Sebrae\/PR ou de um terceiro.<\/p>\n<p>&#8211; Local da disponibiliza\u00e7\u00e3o: Cidade onde ir\u00e1 ocorrer o evento.<\/p>\n<p>&#8211; Respons\u00e1vel pela disponibiliza\u00e7\u00e3o: o usu\u00e1rio que criou a disponibiliza\u00e7\u00e3o.<\/p>\n<p>Ap\u00f3s preencher as informa\u00e7\u00f5es, clique em <strong>Pesquisar<\/strong>.<\/p>\n<p>Ap\u00f3s a pesquisa, ir\u00e1 aparecer uma listagem com as disponibiliza\u00e7\u00f5es, clique em <strong>Editar disponibiliza\u00e7\u00e3o <\/strong>no seu evento.<\/p>\n<p><img loading=\"lazy\" class=\"alignnone size-full wp-image-798\" src=\"https:\/\/sites.pr.sebrae.com.br\/wiki\/wp-content\/uploads\/2018\/11\/certificado_2.png\" alt=\"\" width=\"968\" height=\"392\" srcset=\"https:\/\/sites.pr.sebrae.com.br\/wiki\/wp-content\/uploads\/2018\/11\/certificado_2.png 968w, https:\/\/sites.pr.sebrae.com.br\/wiki\/wp-content\/uploads\/2018\/11\/certificado_2-300x121.png 300w, https:\/\/sites.pr.sebrae.com.br\/wiki\/wp-content\/uploads\/2018\/11\/certificado_2-768x311.png 768w, https:\/\/sites.pr.sebrae.com.br\/wiki\/wp-content\/uploads\/2018\/11\/certificado_2-705x285.png 705w, https:\/\/sites.pr.sebrae.com.br\/wiki\/wp-content\/uploads\/2018\/11\/certificado_2-450x182.png 450w\" sizes=\"(max-width: 968px) 100vw, 968px\" \/><\/p>\n<p>Na tela de disponibiliza\u00e7\u00e3o, clique na aba <strong>Acompanhamento<\/strong>.<\/p>\n<p><img loading=\"lazy\" class=\"alignnone size-full wp-image-799\" src=\"https:\/\/sites.pr.sebrae.com.br\/wiki\/wp-content\/uploads\/2018\/11\/certificado_3.png\" alt=\"\" width=\"490\" height=\"42\" srcset=\"https:\/\/sites.pr.sebrae.com.br\/wiki\/wp-content\/uploads\/2018\/11\/certificado_3.png 490w, https:\/\/sites.pr.sebrae.com.br\/wiki\/wp-content\/uploads\/2018\/11\/certificado_3-300x26.png 300w, https:\/\/sites.pr.sebrae.com.br\/wiki\/wp-content\/uploads\/2018\/11\/certificado_3-450x39.png 450w\" sizes=\"(max-width: 490px) 100vw, 490px\" \/><\/p>\n<p>A aba <strong>Acompanhamento <\/strong>possui diversas informa\u00e7\u00f5es sobre o evento, no menu dispon\u00edvel clique em <strong>Gerar\/Imprimir certificados<\/strong>.<\/p>\n<p><img loading=\"lazy\" class=\"alignnone size-full wp-image-800\" src=\"https:\/\/sites.pr.sebrae.com.br\/wiki\/wp-content\/uploads\/2018\/11\/certificado_4.png\" alt=\"\" width=\"311\" height=\"357\" srcset=\"https:\/\/sites.pr.sebrae.com.br\/wiki\/wp-content\/uploads\/2018\/11\/certificado_4.png 311w, https:\/\/sites.pr.sebrae.com.br\/wiki\/wp-content\/uploads\/2018\/11\/certificado_4-261x300.png 261w\" sizes=\"(max-width: 311px) 100vw, 311px\" \/><\/p>\n<p>Abrir\u00e1 uma tela com o nome dos participantes, selecione os participantes para a emiss\u00e3o do certificado e clique em <strong>Adicionar participantes selecionados<\/strong>, ou clique em <strong>Adicionar todos<\/strong>.<\/p>\n<p><img loading=\"lazy\" class=\"alignnone size-full wp-image-801\" src=\"https:\/\/sites.pr.sebrae.com.br\/wiki\/wp-content\/uploads\/2018\/11\/certificado_5.png\" alt=\"\" width=\"814\" height=\"402\" srcset=\"https:\/\/sites.pr.sebrae.com.br\/wiki\/wp-content\/uploads\/2018\/11\/certificado_5.png 814w, https:\/\/sites.pr.sebrae.com.br\/wiki\/wp-content\/uploads\/2018\/11\/certificado_5-300x148.png 300w, https:\/\/sites.pr.sebrae.com.br\/wiki\/wp-content\/uploads\/2018\/11\/certificado_5-768x379.png 768w, https:\/\/sites.pr.sebrae.com.br\/wiki\/wp-content\/uploads\/2018\/11\/certificado_5-705x348.png 705w, https:\/\/sites.pr.sebrae.com.br\/wiki\/wp-content\/uploads\/2018\/11\/certificado_5-450x222.png 450w\" sizes=\"(max-width: 814px) 100vw, 814px\" \/><\/p>\n<p>Ap\u00f3s selecionar os participantes, selecione tamb\u00e9m o tipo de folha utilizada para impress\u00e3o e depois clique em <strong>Confirmar<\/strong>.<br \/>\nAbrir\u00e1 um pop-up para a confirma\u00e7\u00e3o da emiss\u00e3o do certificado, clique em <strong>Sim<\/strong>.<\/p>\n<p><img loading=\"lazy\" class=\"alignnone size-full wp-image-802\" src=\"https:\/\/sites.pr.sebrae.com.br\/wiki\/wp-content\/uploads\/2018\/11\/certificado_6.png\" alt=\"\" width=\"465\" height=\"125\" srcset=\"https:\/\/sites.pr.sebrae.com.br\/wiki\/wp-content\/uploads\/2018\/11\/certificado_6.png 465w, https:\/\/sites.pr.sebrae.com.br\/wiki\/wp-content\/uploads\/2018\/11\/certificado_6-300x81.png 300w, https:\/\/sites.pr.sebrae.com.br\/wiki\/wp-content\/uploads\/2018\/11\/certificado_6-450x121.png 450w\" sizes=\"(max-width: 465px) 100vw, 465px\" \/><\/p>\n<p><img loading=\"lazy\" class=\"alignnone size-full wp-image-803\" src=\"https:\/\/sites.pr.sebrae.com.br\/wiki\/wp-content\/uploads\/2018\/11\/certificado_7.png\" alt=\"\" width=\"469\" height=\"129\" srcset=\"https:\/\/sites.pr.sebrae.com.br\/wiki\/wp-content\/uploads\/2018\/11\/certificado_7.png 469w, https:\/\/sites.pr.sebrae.com.br\/wiki\/wp-content\/uploads\/2018\/11\/certificado_7-300x83.png 300w, https:\/\/sites.pr.sebrae.com.br\/wiki\/wp-content\/uploads\/2018\/11\/certificado_7-450x124.png 450w\" sizes=\"(max-width: 469px) 100vw, 469px\" \/><\/p>\n<p>O certificado ser\u00e1 disponibilizado conforme a op\u00e7\u00e3o selecionada na cria\u00e7\u00e3o da disponibiliza\u00e7\u00e3o, voc\u00ea poder\u00e1 verificar acessando a aba <strong>Agenda <\/strong>no campo <strong>Emiss\u00e3o do certificado<\/strong>.<\/p>\n<p><img loading=\"lazy\" class=\"alignnone size-full wp-image-796\" src=\"https:\/\/sites.pr.sebrae.com.br\/wiki\/wp-content\/uploads\/2018\/11\/certificado_8.png\" alt=\"\" width=\"427\" height=\"143\" srcset=\"https:\/\/sites.pr.sebrae.com.br\/wiki\/wp-content\/uploads\/2018\/11\/certificado_8.png 427w, https:\/\/sites.pr.sebrae.com.br\/wiki\/wp-content\/uploads\/2018\/11\/certificado_8-300x100.png 300w\" sizes=\"(max-width: 427px) 100vw, 427px\" \/><\/p>\n<\/div><\/section>\n<div class='av-buildercomment  '><\/div>\n","protected":false},"excerpt":{"rendered":"","protected":false},"author":2,"featured_media":0,"parent":516,"menu_order":6,"comment_status":"open","ping_status":"open","template":"","meta":[],"_links":{"self":[{"href":"https:\/\/sites.pr.sebrae.com.br\/wiki\/wp-json\/wp\/v2\/pages\/795"}],"collection":[{"href":"https:\/\/sites.pr.sebrae.com.br\/wiki\/wp-json\/wp\/v2\/pages"}],"about":[{"href":"https:\/\/sites.pr.sebrae.com.br\/wiki\/wp-json\/wp\/v2\/types\/page"}],"author":[{"embeddable":true,"href":"https:\/\/sites.pr.sebrae.com.br\/wiki\/wp-json\/wp\/v2\/users\/2"}],"replies":[{"embeddable":true,"href":"https:\/\/sites.pr.sebrae.com.br\/wiki\/wp-json\/wp\/v2\/comments?post=795"}],"version-history":[{"count":3,"href":"https:\/\/sites.pr.sebrae.com.br\/wiki\/wp-json\/wp\/v2\/pages\/795\/revisions"}],"predecessor-version":[{"id":997,"href":"https:\/\/sites.pr.sebrae.com.br\/wiki\/wp-json\/wp\/v2\/pages\/795\/revisions\/997"}],"up":[{"embeddable":true,"href":"https:\/\/sites.pr.sebrae.com.br\/wiki\/wp-json\/wp\/v2\/pages\/516"}],"wp:attachment":[{"href":"https:\/\/sites.pr.sebrae.com.br\/wiki\/wp-json\/wp\/v2\/media?parent=795"}],"curies":[{"name":"wp","href":"https:\/\/api.w.org\/{rel}","templated":true}]}}