{"id":752,"date":"2018-11-11T21:06:05","date_gmt":"2018-11-11T23:06:05","guid":{"rendered":"https:\/\/sites.pr.sebrae.com.br\/wiki\/?page_id=752"},"modified":"2018-11-11T21:06:05","modified_gmt":"2018-11-11T23:06:05","slug":"produto-template","status":"publish","type":"page","link":"https:\/\/sites.pr.sebrae.com.br\/wiki\/produto\/produto-template\/","title":{"rendered":"Produto template"},"content":{"rendered":"<section class=\"av_textblock_section \"  itemscope=\"itemscope\" itemtype=\"https:\/\/schema.org\/CreativeWork\" ><div class='avia_textblock  '   itemprop=\"text\" ><h2>Produto Template<\/h2>\n<h5>Metodologia aberta<\/h5>\n<p>Produto template \u00e9 um produto de metodologia aberta, onde a UGIP realiza o cadastro. Por\u00e9m algumas informa\u00e7\u00f5es podem ser definidas diretamente na disponibiliza\u00e7\u00e3o.<\/p>\n<p>Acesse: <strong>SMART<\/strong> &gt; <strong>PRODUTO<\/strong> &gt; <strong>CADASTRO<\/strong><\/p>\n<p>Lembrando que somente usu\u00e1rios com permiss\u00e3o de cria\u00e7\u00e3o de produto na UGIP \u00e9 quem podem realizar esse cadastro.<\/p>\n<p><img loading=\"lazy\" class=\"alignnone size-full wp-image-753\" src=\"https:\/\/sites.pr.sebrae.com.br\/wiki\/wp-content\/uploads\/2018\/11\/template_1.png\" alt=\"\" width=\"981\" height=\"428\" srcset=\"https:\/\/sites.pr.sebrae.com.br\/wiki\/wp-content\/uploads\/2018\/11\/template_1.png 981w, https:\/\/sites.pr.sebrae.com.br\/wiki\/wp-content\/uploads\/2018\/11\/template_1-300x131.png 300w, https:\/\/sites.pr.sebrae.com.br\/wiki\/wp-content\/uploads\/2018\/11\/template_1-768x335.png 768w, https:\/\/sites.pr.sebrae.com.br\/wiki\/wp-content\/uploads\/2018\/11\/template_1-705x308.png 705w, https:\/\/sites.pr.sebrae.com.br\/wiki\/wp-content\/uploads\/2018\/11\/template_1-450x196.png 450w\" sizes=\"(max-width: 981px) 100vw, 981px\" \/><\/p>\n<p>Somente poder\u00e1 ser marcado como metodologia aberta quando o produto n\u00e3o possuir realizadores, caso contrario o campo ficara bloqueado.<\/p>\n<p>Para realizar a marca\u00e7\u00e3o v\u00e1 at\u00e9 a aba <strong>Realizadores<\/strong>, e desmarque a op\u00e7\u00e3o <strong>Este produto exige habilita\u00e7\u00e3o espec\u00edfica, <\/strong>volte pare a aba<strong> Dados Gerais <\/strong>e a\u00ed sim marque o combo<strong> Metodologia Aberta.<\/strong><\/p>\n<p><img loading=\"lazy\" class=\"alignnone size-full wp-image-754\" src=\"https:\/\/sites.pr.sebrae.com.br\/wiki\/wp-content\/uploads\/2018\/11\/template_2.png\" alt=\"\" width=\"980\" height=\"124\" srcset=\"https:\/\/sites.pr.sebrae.com.br\/wiki\/wp-content\/uploads\/2018\/11\/template_2.png 980w, https:\/\/sites.pr.sebrae.com.br\/wiki\/wp-content\/uploads\/2018\/11\/template_2-300x38.png 300w, https:\/\/sites.pr.sebrae.com.br\/wiki\/wp-content\/uploads\/2018\/11\/template_2-768x97.png 768w, https:\/\/sites.pr.sebrae.com.br\/wiki\/wp-content\/uploads\/2018\/11\/template_2-705x89.png 705w, https:\/\/sites.pr.sebrae.com.br\/wiki\/wp-content\/uploads\/2018\/11\/template_2-450x57.png 450w\" sizes=\"(max-width: 980px) 100vw, 980px\" \/><\/p>\n<p>Para continuar com o cadastro basta seguir os passos de cadastro de <a href=\"https:\/\/sites.pr.sebrae.com.br\/wiki\/produto\/cadastro-de-produto\/\">produto padr\u00e3o<\/a>.<\/p>\n<p><strong>\u00a0<\/strong><\/p>\n<\/div><\/section>\n<div class='av-buildercomment  '><\/div>\n","protected":false},"excerpt":{"rendered":"","protected":false},"author":2,"featured_media":0,"parent":20,"menu_order":3,"comment_status":"open","ping_status":"open","template":"","meta":[],"_links":{"self":[{"href":"https:\/\/sites.pr.sebrae.com.br\/wiki\/wp-json\/wp\/v2\/pages\/752"}],"collection":[{"href":"https:\/\/sites.pr.sebrae.com.br\/wiki\/wp-json\/wp\/v2\/pages"}],"about":[{"href":"https:\/\/sites.pr.sebrae.com.br\/wiki\/wp-json\/wp\/v2\/types\/page"}],"author":[{"embeddable":true,"href":"https:\/\/sites.pr.sebrae.com.br\/wiki\/wp-json\/wp\/v2\/users\/2"}],"replies":[{"embeddable":true,"href":"https:\/\/sites.pr.sebrae.com.br\/wiki\/wp-json\/wp\/v2\/comments?post=752"}],"version-history":[{"count":2,"href":"https:\/\/sites.pr.sebrae.com.br\/wiki\/wp-json\/wp\/v2\/pages\/752\/revisions"}],"predecessor-version":[{"id":927,"href":"https:\/\/sites.pr.sebrae.com.br\/wiki\/wp-json\/wp\/v2\/pages\/752\/revisions\/927"}],"up":[{"embeddable":true,"href":"https:\/\/sites.pr.sebrae.com.br\/wiki\/wp-json\/wp\/v2\/pages\/20"}],"wp:attachment":[{"href":"https:\/\/sites.pr.sebrae.com.br\/wiki\/wp-json\/wp\/v2\/media?parent=752"}],"curies":[{"name":"wp","href":"https:\/\/api.w.org\/{rel}","templated":true}]}}