{"id":580,"date":"2018-09-17T15:32:50","date_gmt":"2018-09-17T18:32:50","guid":{"rendered":"https:\/\/sites.pr.sebrae.com.br\/wiki\/?page_id=580"},"modified":"2018-11-12T11:02:55","modified_gmt":"2018-11-12T13:02:55","slug":"cadastro-de-produto","status":"publish","type":"page","link":"https:\/\/sites.pr.sebrae.com.br\/wiki\/produto\/cadastro-de-produto\/","title":{"rendered":"Cadastro de Produto"},"content":{"rendered":"<section class=\"av_textblock_section \"  itemscope=\"itemscope\" itemtype=\"https:\/\/schema.org\/CreativeWork\" ><div class='avia_textblock  '   itemprop=\"text\" ><h3>PRODUTO<\/h3>\n<h5>Criando um produto padr\u00e3o<\/h5>\n<p>A cria\u00e7\u00e3o de produtos \u00e9 feita exclusivamente pela UGIP, e \u00e9 necess\u00e1rio uma permiss\u00e3o especifica.<\/p>\n<p>Para iniciar o cadastro acesse: SMART &gt; PRODUTOS &gt; CADASTRO<\/p>\n<p><img loading=\"lazy\" class=\"alignnone size-full wp-image-596\" src=\"https:\/\/sites.pr.sebrae.com.br\/wiki\/wp-content\/uploads\/2018\/09\/criandoproduto_1.jpg\" alt=\"\" width=\"984\" height=\"245\" srcset=\"https:\/\/sites.pr.sebrae.com.br\/wiki\/wp-content\/uploads\/2018\/09\/criandoproduto_1.jpg 984w, https:\/\/sites.pr.sebrae.com.br\/wiki\/wp-content\/uploads\/2018\/09\/criandoproduto_1-300x75.jpg 300w, https:\/\/sites.pr.sebrae.com.br\/wiki\/wp-content\/uploads\/2018\/09\/criandoproduto_1-768x191.jpg 768w, https:\/\/sites.pr.sebrae.com.br\/wiki\/wp-content\/uploads\/2018\/09\/criandoproduto_1-705x176.jpg 705w, https:\/\/sites.pr.sebrae.com.br\/wiki\/wp-content\/uploads\/2018\/09\/criandoproduto_1-450x112.jpg 450w\" sizes=\"(max-width: 984px) 100vw, 984px\" \/><\/p>\n<p>No campo <strong>T\u00edtulo do Produto<\/strong>, inserir o nome planejado para o novo produto, esse campo funciona com auto complete, caso outro produto j\u00e1 esteja configurado com o mesmo nome o campo ir\u00e1 mostra.<\/p>\n<p><img loading=\"lazy\" class=\"alignnone size-full wp-image-597\" src=\"https:\/\/sites.pr.sebrae.com.br\/wiki\/wp-content\/uploads\/2018\/09\/criandoproduto_2.jpg\" alt=\"\" width=\"516\" height=\"117\" srcset=\"https:\/\/sites.pr.sebrae.com.br\/wiki\/wp-content\/uploads\/2018\/09\/criandoproduto_2.jpg 516w, https:\/\/sites.pr.sebrae.com.br\/wiki\/wp-content\/uploads\/2018\/09\/criandoproduto_2-300x68.jpg 300w, https:\/\/sites.pr.sebrae.com.br\/wiki\/wp-content\/uploads\/2018\/09\/criandoproduto_2-450x102.jpg 450w\" sizes=\"(max-width: 516px) 100vw, 516px\" \/><\/p>\n<p>Com isso voc\u00ea pode selecionar um deles e editar, ou criar um novo.<\/p>\n<p>Para iniciar o cadastro, ap\u00f3s digitar o nome, \u00e9 s\u00f3 clicar fora da tela ou aperta o tab no teclado que a tela ir\u00e1 carregar a primeira aba para configura\u00e7\u00e3o (<strong>Dados Gerais<\/strong>).<\/p>\n<p>Nesse momento ele ainda n\u00e3o salvou o novo produto, para isso \u00e9 necess\u00e1rio preencher as informa\u00e7\u00f5es necess\u00e1rias e clicar em <strong>Salvar<\/strong>.<\/p>\n<p>Nessa tela s\u00e3o configuradas as informa\u00e7\u00f5es principais, sendo elas:<\/p>\n<p>CATEGORIA e MODALIDADE<br \/>\nMETODOLOGIA (O Produto pode ser do tipo metodologia aberta, com isso algumas configura\u00e7\u00f5es s\u00e3o diferentes, voc\u00ea pode acessar o tutorial clicando <a href=\"https:\/\/sites.pr.sebrae.com.br\/wiki\/produto\/produto-template\/\"><strong>aqui<\/strong><\/a>.)<\/p>\n<p><img loading=\"lazy\" class=\"alignnone size-full wp-image-598\" src=\"https:\/\/sites.pr.sebrae.com.br\/wiki\/wp-content\/uploads\/2018\/09\/criandoproduto_3.jpg\" alt=\"\" width=\"491\" height=\"301\" srcset=\"https:\/\/sites.pr.sebrae.com.br\/wiki\/wp-content\/uploads\/2018\/09\/criandoproduto_3.jpg 491w, https:\/\/sites.pr.sebrae.com.br\/wiki\/wp-content\/uploads\/2018\/09\/criandoproduto_3-300x184.jpg 300w, https:\/\/sites.pr.sebrae.com.br\/wiki\/wp-content\/uploads\/2018\/09\/criandoproduto_3-450x276.jpg 450w\" sizes=\"(max-width: 491px) 100vw, 491px\" \/><\/p>\n<p><strong>M\u00c9TRICAS PARA CONTABILIZA\u00c7\u00c3O NO NACIONAL<\/strong><\/p>\n<p>Essa parte do cadastro \u00e9 muito importando, pois se alguma das informa\u00e7\u00f5es n\u00e3o for preenchida ou feita de forma incorreta as contabiliza\u00e7\u00f5es desse produto podem ser afetas.<\/p>\n<p><img loading=\"lazy\" class=\"alignnone size-full wp-image-599\" src=\"https:\/\/sites.pr.sebrae.com.br\/wiki\/wp-content\/uploads\/2018\/09\/criandoproduto_4.jpg\" alt=\"\" width=\"541\" height=\"453\" srcset=\"https:\/\/sites.pr.sebrae.com.br\/wiki\/wp-content\/uploads\/2018\/09\/criandoproduto_4.jpg 541w, https:\/\/sites.pr.sebrae.com.br\/wiki\/wp-content\/uploads\/2018\/09\/criandoproduto_4-300x251.jpg 300w, https:\/\/sites.pr.sebrae.com.br\/wiki\/wp-content\/uploads\/2018\/09\/criandoproduto_4-450x377.jpg 450w\" sizes=\"(max-width: 541px) 100vw, 541px\" \/><\/p>\n<p>As outras informa\u00e7\u00f5es devem ser preenchidas conforme as necessidades do novo produto.<\/p>\n<p><img loading=\"lazy\" class=\"alignnone size-full wp-image-600\" src=\"https:\/\/sites.pr.sebrae.com.br\/wiki\/wp-content\/uploads\/2018\/09\/criandoproduto_5.jpg\" alt=\"\" width=\"452\" height=\"442\" srcset=\"https:\/\/sites.pr.sebrae.com.br\/wiki\/wp-content\/uploads\/2018\/09\/criandoproduto_5.jpg 452w, https:\/\/sites.pr.sebrae.com.br\/wiki\/wp-content\/uploads\/2018\/09\/criandoproduto_5-300x293.jpg 300w, https:\/\/sites.pr.sebrae.com.br\/wiki\/wp-content\/uploads\/2018\/09\/criandoproduto_5-36x36.jpg 36w, https:\/\/sites.pr.sebrae.com.br\/wiki\/wp-content\/uploads\/2018\/09\/criandoproduto_5-450x440.jpg 450w\" sizes=\"(max-width: 452px) 100vw, 452px\" \/><\/p>\n<p>Ap\u00f3s o preenchimento das informa\u00e7\u00f5es e clicar em <strong>Salvar<\/strong>, uma tela de confirma\u00e7\u00e3o ir\u00e1 aparecer com algumas op\u00e7\u00f5es, nesse momento o produto ser\u00e1 criado e um c\u00f3digo para ele ser\u00e1 criado.<\/p>\n<p><img loading=\"lazy\" class=\"alignnone size-full wp-image-601\" src=\"https:\/\/sites.pr.sebrae.com.br\/wiki\/wp-content\/uploads\/2018\/09\/criandoproduto_6.jpg\" alt=\"\" width=\"522\" height=\"152\" srcset=\"https:\/\/sites.pr.sebrae.com.br\/wiki\/wp-content\/uploads\/2018\/09\/criandoproduto_6.jpg 522w, https:\/\/sites.pr.sebrae.com.br\/wiki\/wp-content\/uploads\/2018\/09\/criandoproduto_6-300x87.jpg 300w, https:\/\/sites.pr.sebrae.com.br\/wiki\/wp-content\/uploads\/2018\/09\/criandoproduto_6-450x131.jpg 450w\" sizes=\"(max-width: 522px) 100vw, 522px\" \/><\/p>\n<p>Selecione a op\u00e7\u00e3o <strong>Pr\u00f3xima Aba<\/strong> para dar continuidade no cadastro.<\/p>\n<p>A pr\u00f3xima aba \u00e9 a <strong>Realizadores<\/strong>, nela voc\u00ea pode definir se apenas pessoas especificas ou todos podem ser realizadores desse produto. Esse campo define por exemplo quais credenciados podem realizar esse tipo de produto, estando habilitado como realizador, ao criar uma disponibiliza\u00e7\u00e3o de realizador o produto deve aparecer como op\u00e7\u00e3o na aba produtos da disp, isso se o produto for do tipo Consultoria. Se o produto for do tipo Curso, o realizador habilitado deve aparecer na cria\u00e7\u00e3o da agenda.<\/p>\n<p><img loading=\"lazy\" class=\"alignnone size-full wp-image-602\" src=\"https:\/\/sites.pr.sebrae.com.br\/wiki\/wp-content\/uploads\/2018\/09\/criandoproduto_7.jpg\" alt=\"\" width=\"993\" height=\"323\" srcset=\"https:\/\/sites.pr.sebrae.com.br\/wiki\/wp-content\/uploads\/2018\/09\/criandoproduto_7.jpg 993w, https:\/\/sites.pr.sebrae.com.br\/wiki\/wp-content\/uploads\/2018\/09\/criandoproduto_7-300x98.jpg 300w, https:\/\/sites.pr.sebrae.com.br\/wiki\/wp-content\/uploads\/2018\/09\/criandoproduto_7-768x250.jpg 768w, https:\/\/sites.pr.sebrae.com.br\/wiki\/wp-content\/uploads\/2018\/09\/criandoproduto_7-705x229.jpg 705w, https:\/\/sites.pr.sebrae.com.br\/wiki\/wp-content\/uploads\/2018\/09\/criandoproduto_7-450x146.jpg 450w\" sizes=\"(max-width: 993px) 100vw, 993px\" \/><\/p>\n<p>Repare que no topo da p\u00e1gina \u00e9 mostrado o c\u00f3digo e o status (Em Cadastramento) do produto que foi gerado.<\/p>\n<p><img loading=\"lazy\" class=\"alignnone size-full wp-image-603\" src=\"https:\/\/sites.pr.sebrae.com.br\/wiki\/wp-content\/uploads\/2018\/09\/criandoproduto_8.jpg\" alt=\"\" width=\"939\" height=\"44\" srcset=\"https:\/\/sites.pr.sebrae.com.br\/wiki\/wp-content\/uploads\/2018\/09\/criandoproduto_8.jpg 939w, https:\/\/sites.pr.sebrae.com.br\/wiki\/wp-content\/uploads\/2018\/09\/criandoproduto_8-300x14.jpg 300w, https:\/\/sites.pr.sebrae.com.br\/wiki\/wp-content\/uploads\/2018\/09\/criandoproduto_8-768x36.jpg 768w, https:\/\/sites.pr.sebrae.com.br\/wiki\/wp-content\/uploads\/2018\/09\/criandoproduto_8-705x33.jpg 705w, https:\/\/sites.pr.sebrae.com.br\/wiki\/wp-content\/uploads\/2018\/09\/criandoproduto_8-450x21.jpg 450w\" sizes=\"(max-width: 939px) 100vw, 939px\" \/><\/p>\n<p>Nesse momento para poder progredir com o cadastro \u00e9 necess\u00e1rio alterar o <strong>Status<\/strong> do produto para <strong>Cadastrado<\/strong>, nessa tela n\u00e3o aparece o bot\u00e3o de pr\u00f3ximo ou salvar, se clicar na pr\u00f3xima aba uma mensagem de alerta \u00e9 exibida, para mostrar que o <strong>Status<\/strong> precisa ser alterado.<\/p>\n<p><img loading=\"lazy\" class=\"alignnone size-full wp-image-604\" src=\"https:\/\/sites.pr.sebrae.com.br\/wiki\/wp-content\/uploads\/2018\/09\/criandoproduto_9.jpg\" alt=\"\" width=\"469\" height=\"128\" srcset=\"https:\/\/sites.pr.sebrae.com.br\/wiki\/wp-content\/uploads\/2018\/09\/criandoproduto_9.jpg 469w, https:\/\/sites.pr.sebrae.com.br\/wiki\/wp-content\/uploads\/2018\/09\/criandoproduto_9-300x82.jpg 300w, https:\/\/sites.pr.sebrae.com.br\/wiki\/wp-content\/uploads\/2018\/09\/criandoproduto_9-450x123.jpg 450w\" sizes=\"(max-width: 469px) 100vw, 469px\" \/><\/p>\n<p>Volte para a aba <strong>Dados Gerais<\/strong> e para alterar o Status \u00e9 s\u00f3 clicar no <strong>Em Cadastramento(UGIP)<\/strong> que vai aparecer a outra op\u00e7\u00e3o <strong>Cadastrado(UGIP)<\/strong>, clique em salvar ao final da p\u00e1gina.<\/p>\n<p><img loading=\"lazy\" class=\"alignnone size-full wp-image-605\" src=\"https:\/\/sites.pr.sebrae.com.br\/wiki\/wp-content\/uploads\/2018\/09\/criandoproduto_10.jpg\" alt=\"\" width=\"259\" height=\"43\" \/><\/p>\n<p>Clique na aba <strong>Execu\u00e7\u00e3o<\/strong> e preencha os campos conforme a necessidade do produto em cadastramento.<br \/>\nAs op\u00e7\u00f5es para essa tela s\u00e3o referentes a execu\u00e7\u00e3o desse produto, os campos marcados em vermelhos s\u00e3o obrigat\u00f3rios, pois influenciam diretamente na cria\u00e7\u00e3o de disponibiliza\u00e7\u00e3o e intera\u00e7\u00e3o.<\/p>\n<p><img loading=\"lazy\" class=\"alignnone size-full wp-image-606\" src=\"https:\/\/sites.pr.sebrae.com.br\/wiki\/wp-content\/uploads\/2018\/09\/criandoproduto_11.jpg\" alt=\"\" width=\"640\" height=\"210\" srcset=\"https:\/\/sites.pr.sebrae.com.br\/wiki\/wp-content\/uploads\/2018\/09\/criandoproduto_11.jpg 640w, https:\/\/sites.pr.sebrae.com.br\/wiki\/wp-content\/uploads\/2018\/09\/criandoproduto_11-300x98.jpg 300w, https:\/\/sites.pr.sebrae.com.br\/wiki\/wp-content\/uploads\/2018\/09\/criandoproduto_11-450x148.jpg 450w\" sizes=\"(max-width: 640px) 100vw, 640px\" \/> <img loading=\"lazy\" class=\"alignnone size-full wp-image-607\" src=\"https:\/\/sites.pr.sebrae.com.br\/wiki\/wp-content\/uploads\/2018\/09\/criandoproduto_12.jpg\" alt=\"\" width=\"258\" height=\"265\" srcset=\"https:\/\/sites.pr.sebrae.com.br\/wiki\/wp-content\/uploads\/2018\/09\/criandoproduto_12.jpg 258w, https:\/\/sites.pr.sebrae.com.br\/wiki\/wp-content\/uploads\/2018\/09\/criandoproduto_12-36x36.jpg 36w\" sizes=\"(max-width: 258px) 100vw, 258px\" \/><\/p>\n<p>Na tabela acima \u00e9 definido o tipo de registro exigido, isso quer dizer a disponibiliza\u00e7\u00e3o\/consultoria\/intera\u00e7\u00e3o deve ter os participantes registrados de que forma, caso seja selecionado o tipo Registro de Intera\u00e7\u00e3o Detalhada, uma op\u00e7\u00e3o para criar o tipo de intera\u00e7\u00e3o ser\u00e1 mostrada, isso faz com que a intera\u00e7\u00e3o criada tenha o mesmo nome que o produto, veja:<\/p>\n<p><img loading=\"lazy\" class=\"alignnone size-full wp-image-608\" src=\"https:\/\/sites.pr.sebrae.com.br\/wiki\/wp-content\/uploads\/2018\/09\/criandoproduto_13.jpg\" alt=\"\" width=\"229\" height=\"57\" \/><\/p>\n<p><img loading=\"lazy\" class=\"alignnone size-full wp-image-609\" src=\"https:\/\/sites.pr.sebrae.com.br\/wiki\/wp-content\/uploads\/2018\/09\/criandoproduto_14.jpg\" alt=\"\" width=\"347\" height=\"153\" srcset=\"https:\/\/sites.pr.sebrae.com.br\/wiki\/wp-content\/uploads\/2018\/09\/criandoproduto_14.jpg 347w, https:\/\/sites.pr.sebrae.com.br\/wiki\/wp-content\/uploads\/2018\/09\/criandoproduto_14-300x132.jpg 300w\" sizes=\"(max-width: 347px) 100vw, 347px\" \/><\/p>\n<p>Caso n\u00e3o queira criar um novo \u00e9 s\u00f3 selecionar uma das op\u00e7\u00f5es mostradas no combo.<\/p>\n<p>Feito a configura\u00e7\u00e3o dos campos necess\u00e1rios, clicar em <strong>Salvar<\/strong> e seguir para a pr\u00f3xima aba.<\/p>\n<p>Na aba <strong>Log\u00edstica<\/strong> podem ser definidos quais os materiais utilizados para a execu\u00e7\u00e3o desse produto, por exemplo se for um Curso pode existir a necessidade canetas e bloco de folhas, basta adicionar os itens e salvar.<br \/>\nQuando uma disponibiliza\u00e7\u00e3o for criada tamb\u00e9m ira aparecer uma aba com o nome log\u00edstica e todos os itens devem ser mostrados, se nada for configurado, na cria\u00e7\u00e3o da disp deve-se incluir os itens necess\u00e1rios.<\/p>\n<p><img loading=\"lazy\" class=\"alignnone size-full wp-image-610\" src=\"https:\/\/sites.pr.sebrae.com.br\/wiki\/wp-content\/uploads\/2018\/09\/criandoproduto_15.jpg\" alt=\"\" width=\"970\" height=\"264\" srcset=\"https:\/\/sites.pr.sebrae.com.br\/wiki\/wp-content\/uploads\/2018\/09\/criandoproduto_15.jpg 970w, https:\/\/sites.pr.sebrae.com.br\/wiki\/wp-content\/uploads\/2018\/09\/criandoproduto_15-300x82.jpg 300w, https:\/\/sites.pr.sebrae.com.br\/wiki\/wp-content\/uploads\/2018\/09\/criandoproduto_15-768x209.jpg 768w, https:\/\/sites.pr.sebrae.com.br\/wiki\/wp-content\/uploads\/2018\/09\/criandoproduto_15-705x192.jpg 705w, https:\/\/sites.pr.sebrae.com.br\/wiki\/wp-content\/uploads\/2018\/09\/criandoproduto_15-450x122.jpg 450w\" sizes=\"(max-width: 970px) 100vw, 970px\" \/><\/p>\n<p>Para seguir basta clicar na aba <strong>Conte\u00fado<\/strong>, aqui \u00e9 configurado todo conte\u00fado a ser mostrado na Loja, basta selecionar o tipo de informa\u00e7\u00e3o e local de veicula\u00e7\u00e3o, escrever o conte\u00fado e clicar em <strong>Incluir<\/strong>.<\/p>\n<p><img loading=\"lazy\" class=\"alignnone size-full wp-image-611\" src=\"https:\/\/sites.pr.sebrae.com.br\/wiki\/wp-content\/uploads\/2018\/09\/criandoproduto_16.jpg\" alt=\"\" width=\"975\" height=\"516\" srcset=\"https:\/\/sites.pr.sebrae.com.br\/wiki\/wp-content\/uploads\/2018\/09\/criandoproduto_16.jpg 975w, https:\/\/sites.pr.sebrae.com.br\/wiki\/wp-content\/uploads\/2018\/09\/criandoproduto_16-300x159.jpg 300w, https:\/\/sites.pr.sebrae.com.br\/wiki\/wp-content\/uploads\/2018\/09\/criandoproduto_16-768x406.jpg 768w, https:\/\/sites.pr.sebrae.com.br\/wiki\/wp-content\/uploads\/2018\/09\/criandoproduto_16-710x375.jpg 710w, https:\/\/sites.pr.sebrae.com.br\/wiki\/wp-content\/uploads\/2018\/09\/criandoproduto_16-705x373.jpg 705w, https:\/\/sites.pr.sebrae.com.br\/wiki\/wp-content\/uploads\/2018\/09\/criandoproduto_16-450x238.jpg 450w\" sizes=\"(max-width: 975px) 100vw, 975px\" \/><\/p>\n<p>Na aba <strong>Defini\u00e7\u00f5es Comercias<\/strong> s\u00e3o definidas todas as op\u00e7\u00f5es referentes a venda desse produto, seja ele na loja ou por intera\u00e7\u00e3o.<\/p>\n<p>As configura\u00e7\u00f5es est\u00e3o separadas em blocos, sendo eles:<\/p>\n<p>MODALIDADES DE DIVULGA\u00c7\u00c3O<br \/>\nDIVULGA\u00c7\u00c3O<br \/>\nNesse bloco \u00e9 definido se o produto deve ou n\u00e3o aparecer na loja, essa configura\u00e7\u00e3o quando alterada n\u00e3o ir\u00e1 refletir nas disponibiliza\u00e7\u00f5es j\u00e1 criadas.<\/p>\n<p><img loading=\"lazy\" class=\"alignnone size-full wp-image-612\" src=\"https:\/\/sites.pr.sebrae.com.br\/wiki\/wp-content\/uploads\/2018\/09\/criandoproduto_17.jpg\" alt=\"\" width=\"454\" height=\"57\" srcset=\"https:\/\/sites.pr.sebrae.com.br\/wiki\/wp-content\/uploads\/2018\/09\/criandoproduto_17.jpg 454w, https:\/\/sites.pr.sebrae.com.br\/wiki\/wp-content\/uploads\/2018\/09\/criandoproduto_17-300x38.jpg 300w, https:\/\/sites.pr.sebrae.com.br\/wiki\/wp-content\/uploads\/2018\/09\/criandoproduto_17-450x56.jpg 450w\" sizes=\"(max-width: 454px) 100vw, 454px\" \/><\/p>\n<p>Existe tamb\u00e9m a op\u00e7\u00e3o do produto estar na loja, mas somente ser vis\u00edvel para quem possuir o link, sem o link n\u00e3o \u00e9 poss\u00edvel acessar a inscri\u00e7\u00e3o. Basta marcar a op\u00e7\u00e3o N\u00c3O no\u00a0<strong>Dispon\u00edvel na lista de produtos no Portal?.<\/strong><\/p>\n<p><img loading=\"lazy\" class=\"alignnone size-full wp-image-864\" src=\"https:\/\/sites.pr.sebrae.com.br\/wiki\/wp-content\/uploads\/2018\/11\/loja.png\" alt=\"\" width=\"515\" height=\"57\" srcset=\"https:\/\/sites.pr.sebrae.com.br\/wiki\/wp-content\/uploads\/2018\/11\/loja.png 515w, https:\/\/sites.pr.sebrae.com.br\/wiki\/wp-content\/uploads\/2018\/11\/loja-300x33.png 300w, https:\/\/sites.pr.sebrae.com.br\/wiki\/wp-content\/uploads\/2018\/11\/loja-450x50.png 450w\" sizes=\"(max-width: 515px) 100vw, 515px\" \/><\/p>\n<p>Quando voc\u00ea diz que o produto pode estar na loja, mas n\u00e3o dispon\u00edvel para todos, o link ser\u00e1 gerado no cadastro da disponibiliza\u00e7\u00e3o na aba Agenda.<\/p>\n<p><img loading=\"lazy\" class=\"alignnone size-full wp-image-865\" src=\"https:\/\/sites.pr.sebrae.com.br\/wiki\/wp-content\/uploads\/2018\/11\/loja_2.png\" alt=\"\" width=\"522\" height=\"57\" srcset=\"https:\/\/sites.pr.sebrae.com.br\/wiki\/wp-content\/uploads\/2018\/11\/loja_2.png 522w, https:\/\/sites.pr.sebrae.com.br\/wiki\/wp-content\/uploads\/2018\/11\/loja_2-300x33.png 300w, https:\/\/sites.pr.sebrae.com.br\/wiki\/wp-content\/uploads\/2018\/11\/loja_2-450x49.png 450w\" sizes=\"(max-width: 522px) 100vw, 522px\" \/><\/p>\n<p>PRECIFICA\u00c7\u00c3O<br \/>\nCOMISS\u00c3O<\/p>\n<p>Ap\u00f3s salvar a pr\u00f3xima aba \u00e9 a <strong>P\u00fablico<\/strong>, nela s\u00e3o definidas as op\u00e7\u00f5es de publico para a cria\u00e7\u00e3o da disponibiliza\u00e7\u00e3o e campanhas.<\/p>\n<p>Cada produto pode ter uma configura\u00e7\u00e3o especifica, podendo ter todas as op\u00e7\u00f5es ou apenas uma.<\/p>\n<p>As op\u00e7\u00f5es s\u00e3o:<\/p>\n<p>Clientes<br \/>\nLeads<br \/>\nP\u00fablico Fechado<br \/>\nExclusivamente Interno<\/p>\n<p><img loading=\"lazy\" class=\"alignnone size-full wp-image-613\" src=\"https:\/\/sites.pr.sebrae.com.br\/wiki\/wp-content\/uploads\/2018\/09\/criandoproduto_18.jpg\" alt=\"\" width=\"971\" height=\"93\" srcset=\"https:\/\/sites.pr.sebrae.com.br\/wiki\/wp-content\/uploads\/2018\/09\/criandoproduto_18.jpg 971w, https:\/\/sites.pr.sebrae.com.br\/wiki\/wp-content\/uploads\/2018\/09\/criandoproduto_18-300x29.jpg 300w, https:\/\/sites.pr.sebrae.com.br\/wiki\/wp-content\/uploads\/2018\/09\/criandoproduto_18-768x74.jpg 768w, https:\/\/sites.pr.sebrae.com.br\/wiki\/wp-content\/uploads\/2018\/09\/criandoproduto_18-705x68.jpg 705w, https:\/\/sites.pr.sebrae.com.br\/wiki\/wp-content\/uploads\/2018\/09\/criandoproduto_18-450x43.jpg 450w\" sizes=\"(max-width: 971px) 100vw, 971px\" \/><\/p>\n<p>A \u00faltima aba \u00e9 a de <strong>Gest\u00e3o<\/strong>, nela ficam todas as informa\u00e7\u00f5es a n\u00edvel de hist\u00f3rico. Todas as altera\u00e7\u00f5es realizadas, quem foi o solicitante do produto, unidade respons\u00e1vel e observa\u00e7\u00f5es referente a revis\u00e3o desse produto.<\/p>\n<p><img loading=\"lazy\" class=\"alignnone size-full wp-image-614\" src=\"https:\/\/sites.pr.sebrae.com.br\/wiki\/wp-content\/uploads\/2018\/09\/criandoproduto_19.jpg\" alt=\"\" width=\"969\" height=\"493\" srcset=\"https:\/\/sites.pr.sebrae.com.br\/wiki\/wp-content\/uploads\/2018\/09\/criandoproduto_19.jpg 969w, https:\/\/sites.pr.sebrae.com.br\/wiki\/wp-content\/uploads\/2018\/09\/criandoproduto_19-300x153.jpg 300w, https:\/\/sites.pr.sebrae.com.br\/wiki\/wp-content\/uploads\/2018\/09\/criandoproduto_19-768x391.jpg 768w, https:\/\/sites.pr.sebrae.com.br\/wiki\/wp-content\/uploads\/2018\/09\/criandoproduto_19-705x359.jpg 705w, https:\/\/sites.pr.sebrae.com.br\/wiki\/wp-content\/uploads\/2018\/09\/criandoproduto_19-450x229.jpg 450w\" sizes=\"(max-width: 969px) 100vw, 969px\" \/><\/p>\n<p>Com o produto cadastrado ele ainda n\u00e3o estar\u00e1 dispon\u00edvel para ser utilizado, ele precisa passar por algumas aprova\u00e7\u00f5es antes de ser liberado, o fluxo atual de libera\u00e7\u00e3o de produto \u00e9:<\/p>\n<p>Em cadastramento (UGIP)<br \/>\nCadastrado (UGIP)<br \/>\nEm cadastramento (UCF)<br \/>\nCadastrado (UCF)<br \/>\nEm cadastramento (UGE)<br \/>\nLiberado para Disponibiliza\u00e7\u00e3o (UGE)<\/p>\n<p>Ap\u00f3s passar por todas as etapas o produto ser\u00e1 liberado para disponibiliza\u00e7\u00e3o pela UGE, depois de liberado a UGIP consegue realizar qualquer altera\u00e7\u00e3o, sendo no conte\u00fado ou no status.<\/p>\n<p>Lembrando que as altera\u00e7\u00f5es realizadas devem refletir somente em novos lan\u00e7amentos, disponibiliza\u00e7\u00f5es j\u00e1 criadas n\u00e3o s\u00e3o atualizadas para as novas configura\u00e7\u00f5es, \u00e9 necess\u00e1rio ent\u00e3o o cancelamento e criar uma nova.<\/p>\n<p>Ele ainda pode ser alterado para Bloqueado ou Descontinuado.<\/p>\n<\/div><\/section>\n<div class='av-buildercomment  '><\/div>\n","protected":false},"excerpt":{"rendered":"","protected":false},"author":2,"featured_media":0,"parent":20,"menu_order":1,"comment_status":"open","ping_status":"open","template":"","meta":[],"_links":{"self":[{"href":"https:\/\/sites.pr.sebrae.com.br\/wiki\/wp-json\/wp\/v2\/pages\/580"}],"collection":[{"href":"https:\/\/sites.pr.sebrae.com.br\/wiki\/wp-json\/wp\/v2\/pages"}],"about":[{"href":"https:\/\/sites.pr.sebrae.com.br\/wiki\/wp-json\/wp\/v2\/types\/page"}],"author":[{"embeddable":true,"href":"https:\/\/sites.pr.sebrae.com.br\/wiki\/wp-json\/wp\/v2\/users\/2"}],"replies":[{"embeddable":true,"href":"https:\/\/sites.pr.sebrae.com.br\/wiki\/wp-json\/wp\/v2\/comments?post=580"}],"version-history":[{"count":7,"href":"https:\/\/sites.pr.sebrae.com.br\/wiki\/wp-json\/wp\/v2\/pages\/580\/revisions"}],"predecessor-version":[{"id":1251,"href":"https:\/\/sites.pr.sebrae.com.br\/wiki\/wp-json\/wp\/v2\/pages\/580\/revisions\/1251"}],"up":[{"embeddable":true,"href":"https:\/\/sites.pr.sebrae.com.br\/wiki\/wp-json\/wp\/v2\/pages\/20"}],"wp:attachment":[{"href":"https:\/\/sites.pr.sebrae.com.br\/wiki\/wp-json\/wp\/v2\/media?parent=580"}],"curies":[{"name":"wp","href":"https:\/\/api.w.org\/{rel}","templated":true}]}}