{"id":558,"date":"2018-09-17T15:03:55","date_gmt":"2018-09-17T18:03:55","guid":{"rendered":"https:\/\/sites.pr.sebrae.com.br\/wiki\/?page_id=558"},"modified":"2021-01-07T15:26:21","modified_gmt":"2021-01-07T18:26:21","slug":"disponibilizacao-de-realizador","status":"publish","type":"page","link":"https:\/\/sites.pr.sebrae.com.br\/wiki\/disponibilizacao\/cadastro-disp\/disponibilizacao-de-realizador\/","title":{"rendered":"Disponibiliza\u00e7\u00e3o de Realizador"},"content":{"rendered":"<section class=\"av_textblock_section \"  itemscope=\"itemscope\" itemtype=\"https:\/\/schema.org\/CreativeWork\" ><div class='avia_textblock  '   itemprop=\"text\" ><h3>Cadastro de Disponibiliza\u00e7\u00e3o<\/h3>\n<h5>Disponibiliza\u00e7\u00e3o de Realizador<br \/>\nConsultoria<\/h5>\n<p>Acesse o\u00a0<strong>SMART\u00a0<\/strong>&gt;\u00a0<strong>Disponibiliza\u00e7\u00e3o<\/strong>\u00a0&gt;\u00a0<strong>Cadastro (Disp)<br \/>\n<\/strong><\/p>\n<p class=\"Default\"><span style=\"font-size: 11.0pt;\">Clique em <b>Disponibilizar Realizador<\/b>. <\/span><\/p>\n<p><img loading=\"lazy\" class=\"alignnone size-full wp-image-559\" src=\"https:\/\/sites.pr.sebrae.com.br\/wiki\/wp-content\/uploads\/2018\/09\/consultoria_1.jpg\" alt=\"\" width=\"649\" height=\"118\" srcset=\"https:\/\/sites.pr.sebrae.com.br\/wiki\/wp-content\/uploads\/2018\/09\/consultoria_1.jpg 649w, https:\/\/sites.pr.sebrae.com.br\/wiki\/wp-content\/uploads\/2018\/09\/consultoria_1-300x55.jpg 300w, https:\/\/sites.pr.sebrae.com.br\/wiki\/wp-content\/uploads\/2018\/09\/consultoria_1-450x82.jpg 450w\" sizes=\"(max-width: 649px) 100vw, 649px\" \/><\/p>\n<p class=\"Default\" style=\"text-align: justify;\"><span style=\"font-size: 11.0pt;\">Digite o c\u00f3digo ou o nome do realizador.<\/span><\/p>\n<p class=\"Default\" style=\"text-align: justify;\"><span style=\"font-size: 11.0pt;\">Lembrando que para a disponibiliza\u00e7\u00e3o de realizador Credenciado voc\u00ea j\u00e1 dever\u00e1 ter a Ordem de Servi\u00e7o criada. <\/span><\/p>\n<p class=\"Default\" style=\"text-align: justify;\"><span style=\"font-size: 11.0pt;\">Devem aparecer os nomes atrav\u00e9s do auto complete, selecione a pessoa que ir\u00e1 realizar a consultoria. <\/span><\/p>\n<p><img loading=\"lazy\" class=\"alignnone size-full wp-image-560\" src=\"https:\/\/sites.pr.sebrae.com.br\/wiki\/wp-content\/uploads\/2018\/09\/consultoria_2.jpg\" alt=\"\" width=\"962\" height=\"148\" srcset=\"https:\/\/sites.pr.sebrae.com.br\/wiki\/wp-content\/uploads\/2018\/09\/consultoria_2.jpg 962w, https:\/\/sites.pr.sebrae.com.br\/wiki\/wp-content\/uploads\/2018\/09\/consultoria_2-300x46.jpg 300w, https:\/\/sites.pr.sebrae.com.br\/wiki\/wp-content\/uploads\/2018\/09\/consultoria_2-768x118.jpg 768w, https:\/\/sites.pr.sebrae.com.br\/wiki\/wp-content\/uploads\/2018\/09\/consultoria_2-705x108.jpg 705w, https:\/\/sites.pr.sebrae.com.br\/wiki\/wp-content\/uploads\/2018\/09\/consultoria_2-450x69.jpg 450w\" sizes=\"(max-width: 962px) 100vw, 962px\" \/> <img loading=\"lazy\" class=\"size-full wp-image-561 aligncenter\" src=\"https:\/\/sites.pr.sebrae.com.br\/wiki\/wp-content\/uploads\/2018\/09\/consultoria_3.jpg\" alt=\"\" width=\"459\" height=\"120\" srcset=\"https:\/\/sites.pr.sebrae.com.br\/wiki\/wp-content\/uploads\/2018\/09\/consultoria_3.jpg 459w, https:\/\/sites.pr.sebrae.com.br\/wiki\/wp-content\/uploads\/2018\/09\/consultoria_3-300x78.jpg 300w, https:\/\/sites.pr.sebrae.com.br\/wiki\/wp-content\/uploads\/2018\/09\/consultoria_3-450x118.jpg 450w\" sizes=\"(max-width: 459px) 100vw, 459px\" \/><\/p>\n<p class=\"Default\" style=\"margin-bottom: 1.95pt;\"><span style=\"font-size: 11.0pt;\">Preencha as informa\u00e7\u00f5es sobre a <b>data\/hora de in\u00edcio e final <\/b>da consultoria, o local tamb\u00e9m deve ser preenchido.<\/span><\/p>\n<p><img loading=\"lazy\" class=\"alignnone size-full wp-image-562\" src=\"https:\/\/sites.pr.sebrae.com.br\/wiki\/wp-content\/uploads\/2018\/09\/consultoria_4.jpg\" alt=\"\" width=\"538\" height=\"271\" srcset=\"https:\/\/sites.pr.sebrae.com.br\/wiki\/wp-content\/uploads\/2018\/09\/consultoria_4.jpg 538w, https:\/\/sites.pr.sebrae.com.br\/wiki\/wp-content\/uploads\/2018\/09\/consultoria_4-300x151.jpg 300w, https:\/\/sites.pr.sebrae.com.br\/wiki\/wp-content\/uploads\/2018\/09\/consultoria_4-450x227.jpg 450w\" sizes=\"(max-width: 538px) 100vw, 538px\" \/><\/p>\n<p class=\"Default\" style=\"margin-bottom: 1.95pt;\"><span style=\"font-size: 11.0pt;\">Clique em <b>Incluir<\/b> e em seguida em <b>Pr\u00f3ximo<\/b>. <\/span><\/p>\n<p>Na aba <strong>Produtos <\/strong>apareceram os produtos em que o consultor \u00e9 habilitado, ou o produto da Ordem de Servi\u00e7o em caso de realizador Credenciado<\/p>\n<p>\u00c9 poss\u00edvel alterar a dura\u00e7\u00e3o e o valor de cada produto, selecione as op\u00e7\u00f5es adequadas e clique em <strong>pr\u00f3ximo<\/strong>.<\/p>\n<p><img loading=\"lazy\" class=\"alignnone size-full wp-image-563\" src=\"https:\/\/sites.pr.sebrae.com.br\/wiki\/wp-content\/uploads\/2018\/09\/consultoria_5.jpg\" alt=\"\" width=\"972\" height=\"377\" srcset=\"https:\/\/sites.pr.sebrae.com.br\/wiki\/wp-content\/uploads\/2018\/09\/consultoria_5.jpg 972w, https:\/\/sites.pr.sebrae.com.br\/wiki\/wp-content\/uploads\/2018\/09\/consultoria_5-300x116.jpg 300w, https:\/\/sites.pr.sebrae.com.br\/wiki\/wp-content\/uploads\/2018\/09\/consultoria_5-768x298.jpg 768w, https:\/\/sites.pr.sebrae.com.br\/wiki\/wp-content\/uploads\/2018\/09\/consultoria_5-705x273.jpg 705w, https:\/\/sites.pr.sebrae.com.br\/wiki\/wp-content\/uploads\/2018\/09\/consultoria_5-450x175.jpg 450w\" sizes=\"(max-width: 972px) 100vw, 972px\" \/><\/p>\n<p>Na aba <strong>Acompanhamento <\/strong>voc\u00ea pode verificar as seguintes informa\u00e7\u00f5es:<\/p>\n<p>Perfil Clientes compraram;<br \/>\nLista de clientes;<br \/>\nTrocar Agenda;<br \/>\nTrocar Participantes;<br \/>\nVerificar pagamentos;<br \/>\nGerar avisos;<br \/>\nLista de cliente em fila de espera;<br \/>\nResultado das divulga\u00e7\u00f5es;<br \/>\nResultado da log\u00edstica;<br \/>\nResultado anteriores do produto;<br \/>\nMovimenta\u00e7\u00e3o de log\u00edstica;<br \/>\nPresta\u00e7\u00e3o de contas de log\u00edstica;<br \/>\nRelat\u00f3rios da Campanha;<br \/>\nIntegra\u00e7\u00f5es.<\/p>\n<p>Clique em <strong>Disponibilizar <\/strong>e em<strong> OK<\/strong>.<\/p>\n<p><img loading=\"lazy\" class=\"alignnone size-full wp-image-564\" src=\"https:\/\/sites.pr.sebrae.com.br\/wiki\/wp-content\/uploads\/2018\/09\/consultoria_6.jpg\" alt=\"\" width=\"967\" height=\"384\" srcset=\"https:\/\/sites.pr.sebrae.com.br\/wiki\/wp-content\/uploads\/2018\/09\/consultoria_6.jpg 967w, https:\/\/sites.pr.sebrae.com.br\/wiki\/wp-content\/uploads\/2018\/09\/consultoria_6-300x119.jpg 300w, https:\/\/sites.pr.sebrae.com.br\/wiki\/wp-content\/uploads\/2018\/09\/consultoria_6-768x305.jpg 768w, https:\/\/sites.pr.sebrae.com.br\/wiki\/wp-content\/uploads\/2018\/09\/consultoria_6-705x280.jpg 705w, https:\/\/sites.pr.sebrae.com.br\/wiki\/wp-content\/uploads\/2018\/09\/consultoria_6-450x179.jpg 450w\" sizes=\"(max-width: 967px) 100vw, 967px\" \/> <img loading=\"lazy\" class=\"size-full wp-image-565 aligncenter\" src=\"https:\/\/sites.pr.sebrae.com.br\/wiki\/wp-content\/uploads\/2018\/09\/consultoria_7.jpg\" alt=\"\" width=\"430\" height=\"77\" srcset=\"https:\/\/sites.pr.sebrae.com.br\/wiki\/wp-content\/uploads\/2018\/09\/consultoria_7.jpg 430w, https:\/\/sites.pr.sebrae.com.br\/wiki\/wp-content\/uploads\/2018\/09\/consultoria_7-300x54.jpg 300w\" sizes=\"(max-width: 430px) 100vw, 430px\" \/><\/p>\n<p class=\"Default\"><span style=\"font-size: 11.0pt;\">Sua Disponibiliza\u00e7\u00e3o foi salva, atrav\u00e9s do n\u00famero da mesma voc\u00ea poder\u00e1 realizar o controle da disponibiliza\u00e7\u00e3o. <\/span><\/p>\n<p><img loading=\"lazy\" class=\"alignnone size-full wp-image-566\" src=\"https:\/\/sites.pr.sebrae.com.br\/wiki\/wp-content\/uploads\/2018\/09\/consultoria_8.jpg\" alt=\"\" width=\"547\" height=\"146\" srcset=\"https:\/\/sites.pr.sebrae.com.br\/wiki\/wp-content\/uploads\/2018\/09\/consultoria_8.jpg 547w, https:\/\/sites.pr.sebrae.com.br\/wiki\/wp-content\/uploads\/2018\/09\/consultoria_8-300x80.jpg 300w, https:\/\/sites.pr.sebrae.com.br\/wiki\/wp-content\/uploads\/2018\/09\/consultoria_8-450x120.jpg 450w\" sizes=\"(max-width: 547px) 100vw, 547px\" \/><\/p>\n<\/div><\/section>\n<div class='av-buildercomment  '><\/div>\n","protected":false},"excerpt":{"rendered":"","protected":false},"author":2,"featured_media":0,"parent":516,"menu_order":2,"comment_status":"open","ping_status":"open","template":"","meta":[],"_links":{"self":[{"href":"https:\/\/sites.pr.sebrae.com.br\/wiki\/wp-json\/wp\/v2\/pages\/558"}],"collection":[{"href":"https:\/\/sites.pr.sebrae.com.br\/wiki\/wp-json\/wp\/v2\/pages"}],"about":[{"href":"https:\/\/sites.pr.sebrae.com.br\/wiki\/wp-json\/wp\/v2\/types\/page"}],"author":[{"embeddable":true,"href":"https:\/\/sites.pr.sebrae.com.br\/wiki\/wp-json\/wp\/v2\/users\/2"}],"replies":[{"embeddable":true,"href":"https:\/\/sites.pr.sebrae.com.br\/wiki\/wp-json\/wp\/v2\/comments?post=558"}],"version-history":[{"count":4,"href":"https:\/\/sites.pr.sebrae.com.br\/wiki\/wp-json\/wp\/v2\/pages\/558\/revisions"}],"predecessor-version":[{"id":1153,"href":"https:\/\/sites.pr.sebrae.com.br\/wiki\/wp-json\/wp\/v2\/pages\/558\/revisions\/1153"}],"up":[{"embeddable":true,"href":"https:\/\/sites.pr.sebrae.com.br\/wiki\/wp-json\/wp\/v2\/pages\/516"}],"wp:attachment":[{"href":"https:\/\/sites.pr.sebrae.com.br\/wiki\/wp-json\/wp\/v2\/media?parent=558"}],"curies":[{"name":"wp","href":"https:\/\/api.w.org\/{rel}","templated":true}]}}