{"id":544,"date":"2018-09-17T14:53:26","date_gmt":"2018-09-17T17:53:26","guid":{"rendered":"https:\/\/sites.pr.sebrae.com.br\/wiki\/?page_id=544"},"modified":"2021-01-07T15:24:41","modified_gmt":"2021-01-07T18:24:41","slug":"disponibilizacao-de-produto","status":"publish","type":"page","link":"https:\/\/sites.pr.sebrae.com.br\/wiki\/disponibilizacao\/cadastro-disp\/disponibilizacao-de-produto\/","title":{"rendered":"Disponibiliza\u00e7\u00e3o de Produto"},"content":{"rendered":"<section class=\"av_textblock_section \"  itemscope=\"itemscope\" itemtype=\"https:\/\/schema.org\/CreativeWork\" ><div class='avia_textblock  '   itemprop=\"text\" ><h3>Cadastro de Disponibiliza\u00e7\u00e3o<\/h3>\n<h5>Disponibiliza\u00e7\u00e3o de Produto<\/h5>\n<p>Acesse o <strong>SMART <\/strong>&gt;\u00a0<strong>Disponibiliza\u00e7\u00e3o<\/strong> &gt; <strong>Cadastro (Disp)<\/strong><\/p>\n<p>Nesta tela voc\u00ea tem a op\u00e7\u00e3o digitar o c\u00f3digo do Produto ou a descri\u00e7\u00e3o do mesmo para disponibiliz\u00e1-lo, caso n\u00e3o tenha certeza da descri\u00e7\u00e3o correta, pode-se clicar na Lupa e pesquisar o produto.<\/p>\n<p><img loading=\"lazy\" class=\"alignnone size-full wp-image-545\" src=\"https:\/\/sites.pr.sebrae.com.br\/wiki\/wp-content\/uploads\/2018\/09\/cadastro_1.jpg\" alt=\"\" width=\"983\" height=\"197\" srcset=\"https:\/\/sites.pr.sebrae.com.br\/wiki\/wp-content\/uploads\/2018\/09\/cadastro_1.jpg 983w, https:\/\/sites.pr.sebrae.com.br\/wiki\/wp-content\/uploads\/2018\/09\/cadastro_1-300x60.jpg 300w, https:\/\/sites.pr.sebrae.com.br\/wiki\/wp-content\/uploads\/2018\/09\/cadastro_1-768x154.jpg 768w, https:\/\/sites.pr.sebrae.com.br\/wiki\/wp-content\/uploads\/2018\/09\/cadastro_1-705x141.jpg 705w, https:\/\/sites.pr.sebrae.com.br\/wiki\/wp-content\/uploads\/2018\/09\/cadastro_1-450x90.jpg 450w\" sizes=\"(max-width: 983px) 100vw, 983px\" \/><\/p>\n<p class=\"Default\"><span style=\"font-size: 11.0pt;\">Ap\u00f3s indicar qual produto voc\u00ea deseja disponibilizar, dever\u00e1 selecionar a op\u00e7\u00e3o <b>Sim <\/b>para que possa iniciar a disponibiliza\u00e7\u00e3o, caso n\u00e3o seja o produto correto dever\u00e1 clicar em <b>N\u00e3o <\/b>e selecionar novamente o produto. <\/span><\/p>\n<p><img loading=\"lazy\" class=\"alignnone size-full wp-image-554\" src=\"https:\/\/sites.pr.sebrae.com.br\/wiki\/wp-content\/uploads\/2018\/09\/cadastro_10.jpg\" alt=\"\" width=\"468\" height=\"126\" srcset=\"https:\/\/sites.pr.sebrae.com.br\/wiki\/wp-content\/uploads\/2018\/09\/cadastro_10.jpg 468w, https:\/\/sites.pr.sebrae.com.br\/wiki\/wp-content\/uploads\/2018\/09\/cadastro_10-300x81.jpg 300w, https:\/\/sites.pr.sebrae.com.br\/wiki\/wp-content\/uploads\/2018\/09\/cadastro_10-450x121.jpg 450w\" sizes=\"(max-width: 468px) 100vw, 468px\" \/><\/p>\n<p>O pr\u00f3ximo passo \u00e9 preencher as abas com as informa\u00e7\u00f5es do evento. Sendo cinco abas:<br \/>\nAgenda \u2013 Log\u00edstica \u2013 P\u00fablico \u2013 Divulga\u00e7\u00e3o \u2013 Acompanhamento<\/p>\n<p>Na aba <strong>Agenda<\/strong>, voc\u00ea deve:<br \/>\n&#8211; Preencher o campo <strong>Nome Comercial<\/strong>, esse preenchimento n\u00e3o \u00e9 obrigat\u00f3rio. O nome digitado ser\u00e1 o nome mostrado na Loja e no Certificado de participa\u00e7\u00e3o<\/p>\n<p>&#8211; Digitar o <strong>Centro de Custo <\/strong>atrav\u00e9s do auto complete<br \/>\n&#8211; Informar <strong>data\/ hora de in\u00edcio<br \/>\n<\/strong>&#8211; Informar <strong>data\/ hora final<br \/>\n<\/strong>&#8211; Informar a <strong>local da disponibiliza\u00e7\u00e3o <\/strong>(para que o evento apare\u00e7a de forma correta no mapa de localiza\u00e7\u00e3o da loja, siga os passos clicando <a href=\"https:\/\/sebraepr.sharepoint.com\/:b:\/s\/pr_utic\/EWgoGFMpzBVLqInmuhkXND0BL0Rg_6KfxJO1KomlvnHy1A?e=i6jxaY\"><strong>aqui<\/strong><\/a>)<br \/>\n&#8211; Selecionar o <strong>Realizador <\/strong>da disponibiliza\u00e7\u00e3o: Funcion\u00e1rio \u2013 Credenciado \u2013 SCC \u2013 Parceiro<\/p>\n<p><img loading=\"lazy\" class=\"alignnone size-full wp-image-546\" src=\"https:\/\/sites.pr.sebrae.com.br\/wiki\/wp-content\/uploads\/2018\/09\/cadastro_2.jpg\" alt=\"\" width=\"539\" height=\"487\" srcset=\"https:\/\/sites.pr.sebrae.com.br\/wiki\/wp-content\/uploads\/2018\/09\/cadastro_2.jpg 539w, https:\/\/sites.pr.sebrae.com.br\/wiki\/wp-content\/uploads\/2018\/09\/cadastro_2-300x271.jpg 300w, https:\/\/sites.pr.sebrae.com.br\/wiki\/wp-content\/uploads\/2018\/09\/cadastro_2-450x407.jpg 450w\" sizes=\"(max-width: 539px) 100vw, 539px\" \/><\/p>\n<p>Ap\u00f3s a cria\u00e7\u00e3o da agenda, voc\u00ea dever\u00e1 informar os seguintes campos:<\/p>\n<p>Quantidade de vagas dispon\u00edvel<br \/>\nM\u00ednimo p\/ Realiza\u00e7\u00e3o<br \/>\nPre\u00e7o<br \/>\nN\u00famero M\u00e1ximo de Cortesia<br \/>\nSelecionar se \u00e9 um Evento Fechado ou Evento Subsidiado\/ Gratuito<\/p>\n<p><img loading=\"lazy\" class=\"alignnone size-full wp-image-547\" src=\"https:\/\/sites.pr.sebrae.com.br\/wiki\/wp-content\/uploads\/2018\/09\/cadastro_3.jpg\" alt=\"\" width=\"429\" height=\"415\" srcset=\"https:\/\/sites.pr.sebrae.com.br\/wiki\/wp-content\/uploads\/2018\/09\/cadastro_3.jpg 429w, https:\/\/sites.pr.sebrae.com.br\/wiki\/wp-content\/uploads\/2018\/09\/cadastro_3-300x290.jpg 300w, https:\/\/sites.pr.sebrae.com.br\/wiki\/wp-content\/uploads\/2018\/09\/cadastro_3-36x36.jpg 36w\" sizes=\"(max-width: 429px) 100vw, 429px\" \/><\/p>\n<p>Se o produto utilizado for configurado com a op\u00e7\u00e3o de lotes ou cupom de desconto, antes de clicar em pr\u00f3ximo, ser\u00e1 poss\u00edvel configurar os cupons, <a href=\"https:\/\/sites.pr.sebrae.com.br\/wiki\/wp-content\/uploads\/2018\/11\/cupomdesconto.pdf\">clique aqui<\/a> e veja o tutorial.<\/p>\n<p>Ap\u00f3s informar os dados acima, clique no bot\u00e3o <strong>Pr\u00f3ximo<\/strong>.<\/p>\n<p>Na aba <strong>Log\u00edstica<\/strong>, ir\u00e3o aparecer todos os materiais necess\u00e1rios vinculados ao produto, no caso <em>Como vender<\/em>. Voc\u00ea pode alterar e\/ou excluir se for necess\u00e1rio.<\/p>\n<p><img loading=\"lazy\" class=\"alignnone size-full wp-image-548\" src=\"https:\/\/sites.pr.sebrae.com.br\/wiki\/wp-content\/uploads\/2018\/09\/cadastro_4.jpg\" alt=\"\" width=\"972\" height=\"456\" srcset=\"https:\/\/sites.pr.sebrae.com.br\/wiki\/wp-content\/uploads\/2018\/09\/cadastro_4.jpg 972w, https:\/\/sites.pr.sebrae.com.br\/wiki\/wp-content\/uploads\/2018\/09\/cadastro_4-300x141.jpg 300w, https:\/\/sites.pr.sebrae.com.br\/wiki\/wp-content\/uploads\/2018\/09\/cadastro_4-768x360.jpg 768w, https:\/\/sites.pr.sebrae.com.br\/wiki\/wp-content\/uploads\/2018\/09\/cadastro_4-705x331.jpg 705w, https:\/\/sites.pr.sebrae.com.br\/wiki\/wp-content\/uploads\/2018\/09\/cadastro_4-450x211.jpg 450w\" sizes=\"(max-width: 972px) 100vw, 972px\" \/><\/p>\n<p class=\"Default\" style=\"margin-bottom: 1.95pt;\"><span style=\"font-size: 11.0pt;\">Selecione o campo <b>Deve ser Realizado Por<\/b>, indicando a pessoa que ser\u00e1 respons\u00e1vel pela separa\u00e7\u00e3o do material, podendo selecionar a op\u00e7\u00e3o do <b>Log\u00edstica Curitiba<\/b>. <\/span><\/p>\n<p class=\"Default\"><span style=\"font-size: 11.0pt;\">Ap\u00f3s isto clique em <b>Pr\u00f3ximo<\/b>. <\/span><\/p>\n<p>Na aba <strong>P\u00fablico<\/strong>, voc\u00ea pode selecionar quem ser\u00e1 o seu <strong>P\u00fablico Alvo<\/strong>, tendo quatro op\u00e7\u00f5es: Clientes, Leads, P\u00fablico Fechado e Exclusivamente Interno. Essa configura\u00e7\u00e3o, em alguns casos, pode vir j\u00e1 determinada do cadastro do produto.<\/p>\n<p><img loading=\"lazy\" class=\"alignnone size-full wp-image-549\" src=\"https:\/\/sites.pr.sebrae.com.br\/wiki\/wp-content\/uploads\/2018\/09\/cadastro_5.jpg\" alt=\"\" width=\"614\" height=\"80\" srcset=\"https:\/\/sites.pr.sebrae.com.br\/wiki\/wp-content\/uploads\/2018\/09\/cadastro_5.jpg 614w, https:\/\/sites.pr.sebrae.com.br\/wiki\/wp-content\/uploads\/2018\/09\/cadastro_5-300x39.jpg 300w, https:\/\/sites.pr.sebrae.com.br\/wiki\/wp-content\/uploads\/2018\/09\/cadastro_5-450x59.jpg 450w\" sizes=\"(max-width: 614px) 100vw, 614px\" \/><\/p>\n<p><span style=\"font-size: 11.0pt;\">Em caso de Clientes, deve-se tamb\u00e9m selecionar a <b>Localidade <\/b>do P\u00fablico Alvo, ap\u00f3s isso clique em <b>Incluir<\/b>.<\/span><\/p>\n<p><img loading=\"lazy\" class=\"alignnone size-full wp-image-550\" src=\"https:\/\/sites.pr.sebrae.com.br\/wiki\/wp-content\/uploads\/2018\/09\/cadastro_6.jpg\" alt=\"\" width=\"969\" height=\"265\" srcset=\"https:\/\/sites.pr.sebrae.com.br\/wiki\/wp-content\/uploads\/2018\/09\/cadastro_6.jpg 969w, https:\/\/sites.pr.sebrae.com.br\/wiki\/wp-content\/uploads\/2018\/09\/cadastro_6-300x82.jpg 300w, https:\/\/sites.pr.sebrae.com.br\/wiki\/wp-content\/uploads\/2018\/09\/cadastro_6-768x210.jpg 768w, https:\/\/sites.pr.sebrae.com.br\/wiki\/wp-content\/uploads\/2018\/09\/cadastro_6-705x193.jpg 705w, https:\/\/sites.pr.sebrae.com.br\/wiki\/wp-content\/uploads\/2018\/09\/cadastro_6-450x123.jpg 450w\" sizes=\"(max-width: 969px) 100vw, 969px\" \/><\/p>\n<p class=\"Default\"><span style=\"font-size: 11.0pt;\">Ap\u00f3s isto clique em <b>Pr\u00f3ximo<\/b>. <\/span><\/p>\n<p class=\"Default\"><span style=\"font-size: 11.0pt;\">Na Aba <b>Divulga\u00e7\u00e3o<\/b>, ir\u00e1 aparecer as informa\u00e7\u00f5es padr\u00f5es do produto e a op\u00e7\u00e3o de enviar a disponibiliza\u00e7\u00e3o para a loja ou n\u00e3o, confira e altere se necess\u00e1rio e clique em pr\u00f3ximo. <\/span><\/p>\n<p><img loading=\"lazy\" class=\"alignnone size-full wp-image-551\" src=\"https:\/\/sites.pr.sebrae.com.br\/wiki\/wp-content\/uploads\/2018\/09\/cadastro_7.jpg\" alt=\"\" width=\"972\" height=\"300\" srcset=\"https:\/\/sites.pr.sebrae.com.br\/wiki\/wp-content\/uploads\/2018\/09\/cadastro_7.jpg 972w, https:\/\/sites.pr.sebrae.com.br\/wiki\/wp-content\/uploads\/2018\/09\/cadastro_7-300x93.jpg 300w, https:\/\/sites.pr.sebrae.com.br\/wiki\/wp-content\/uploads\/2018\/09\/cadastro_7-768x237.jpg 768w, https:\/\/sites.pr.sebrae.com.br\/wiki\/wp-content\/uploads\/2018\/09\/cadastro_7-705x218.jpg 705w, https:\/\/sites.pr.sebrae.com.br\/wiki\/wp-content\/uploads\/2018\/09\/cadastro_7-450x139.jpg 450w\" sizes=\"(max-width: 972px) 100vw, 972px\" \/><\/p>\n<p class=\"Default\"><span style=\"font-size: 11.0pt;\">Na aba <b>Acompanhamento <\/b>voc\u00ea pode verificar as seguintes informa\u00e7\u00f5es: <\/span><\/p>\n<p>Perfil Clientes compraram<br \/>\nLista de clientes<br \/>\nTrocar Agenda<br \/>\nTrocar Participantes<br \/>\nGerar\/Imprimir certificados<br \/>\nGerar\/Imprimir Etiquetas<br \/>\nVerificar pagamentos<br \/>\nGerar avisos<br \/>\nLista de clientes em fila de espera<br \/>\nResultado das divulga\u00e7\u00f5es<br \/>\nResultado da log\u00edstica<br \/>\nResultado anteriores do produto<br \/>\nMovimenta\u00e7\u00f5es de log\u00edstica<br \/>\nPresta\u00e7\u00e3o de contas log\u00edstica<br \/>\nRelat\u00f3rios da Campanha<br \/>\nImprimir Question\u00e1rios<br \/>\nIntegra\u00e7\u00f5es<br \/>\nGerar link ou QRCode \u2013 Confirma\u00e7\u00e3o de presen\u00e7a<br \/>\nGerar relat\u00f3rio para presen\u00e7a online<\/p>\n<p><img loading=\"lazy\" class=\"alignnone size-full wp-image-1151\" src=\"https:\/\/sites.pr.sebrae.com.br\/wiki\/wp-content\/uploads\/2021\/01\/acompanhamento.png\" alt=\"\" width=\"995\" height=\"525\" srcset=\"https:\/\/sites.pr.sebrae.com.br\/wiki\/wp-content\/uploads\/2021\/01\/acompanhamento.png 995w, https:\/\/sites.pr.sebrae.com.br\/wiki\/wp-content\/uploads\/2021\/01\/acompanhamento-300x158.png 300w, https:\/\/sites.pr.sebrae.com.br\/wiki\/wp-content\/uploads\/2021\/01\/acompanhamento-768x405.png 768w, https:\/\/sites.pr.sebrae.com.br\/wiki\/wp-content\/uploads\/2021\/01\/acompanhamento-710x375.png 710w, https:\/\/sites.pr.sebrae.com.br\/wiki\/wp-content\/uploads\/2021\/01\/acompanhamento-705x372.png 705w, https:\/\/sites.pr.sebrae.com.br\/wiki\/wp-content\/uploads\/2021\/01\/acompanhamento-450x237.png 450w\" sizes=\"(max-width: 995px) 100vw, 995px\" \/><\/p>\n<p>Clique em <strong>Disponibilizar <\/strong>e em <strong>OK<\/strong> para finalizar o cadastro.<\/p>\n<p><img loading=\"lazy\" class=\"alignnone size-full wp-image-552\" src=\"https:\/\/sites.pr.sebrae.com.br\/wiki\/wp-content\/uploads\/2018\/09\/cadastro_8.jpg\" alt=\"\" width=\"428\" height=\"74\" srcset=\"https:\/\/sites.pr.sebrae.com.br\/wiki\/wp-content\/uploads\/2018\/09\/cadastro_8.jpg 428w, https:\/\/sites.pr.sebrae.com.br\/wiki\/wp-content\/uploads\/2018\/09\/cadastro_8-300x52.jpg 300w\" sizes=\"(max-width: 428px) 100vw, 428px\" \/><\/p>\n<p>Sua Disponibiliza\u00e7\u00e3o foi salva, atrav\u00e9s do n\u00famero da mesma voc\u00ea poder\u00e1 realizar o controle da disponibiliza\u00e7\u00e3o.<br \/>\n<img loading=\"lazy\" class=\"alignnone size-full wp-image-553\" src=\"https:\/\/sites.pr.sebrae.com.br\/wiki\/wp-content\/uploads\/2018\/09\/cadastro_9.jpg\" alt=\"\" width=\"549\" height=\"149\" srcset=\"https:\/\/sites.pr.sebrae.com.br\/wiki\/wp-content\/uploads\/2018\/09\/cadastro_9.jpg 549w, https:\/\/sites.pr.sebrae.com.br\/wiki\/wp-content\/uploads\/2018\/09\/cadastro_9-300x81.jpg 300w, https:\/\/sites.pr.sebrae.com.br\/wiki\/wp-content\/uploads\/2018\/09\/cadastro_9-450x122.jpg 450w\" sizes=\"(max-width: 549px) 100vw, 549px\" \/><\/p>\n<\/div><\/section>\n<div class='av-buildercomment  '><\/div>\n","protected":false},"excerpt":{"rendered":"","protected":false},"author":2,"featured_media":0,"parent":516,"menu_order":1,"comment_status":"open","ping_status":"open","template":"","meta":[],"_links":{"self":[{"href":"https:\/\/sites.pr.sebrae.com.br\/wiki\/wp-json\/wp\/v2\/pages\/544"}],"collection":[{"href":"https:\/\/sites.pr.sebrae.com.br\/wiki\/wp-json\/wp\/v2\/pages"}],"about":[{"href":"https:\/\/sites.pr.sebrae.com.br\/wiki\/wp-json\/wp\/v2\/types\/page"}],"author":[{"embeddable":true,"href":"https:\/\/sites.pr.sebrae.com.br\/wiki\/wp-json\/wp\/v2\/users\/2"}],"replies":[{"embeddable":true,"href":"https:\/\/sites.pr.sebrae.com.br\/wiki\/wp-json\/wp\/v2\/comments?post=544"}],"version-history":[{"count":7,"href":"https:\/\/sites.pr.sebrae.com.br\/wiki\/wp-json\/wp\/v2\/pages\/544\/revisions"}],"predecessor-version":[{"id":1150,"href":"https:\/\/sites.pr.sebrae.com.br\/wiki\/wp-json\/wp\/v2\/pages\/544\/revisions\/1150"}],"up":[{"embeddable":true,"href":"https:\/\/sites.pr.sebrae.com.br\/wiki\/wp-json\/wp\/v2\/pages\/516"}],"wp:attachment":[{"href":"https:\/\/sites.pr.sebrae.com.br\/wiki\/wp-json\/wp\/v2\/media?parent=544"}],"curies":[{"name":"wp","href":"https:\/\/api.w.org\/{rel}","templated":true}]}}