{"id":412,"date":"2018-09-17T10:55:12","date_gmt":"2018-09-17T13:55:12","guid":{"rendered":"https:\/\/sites.pr.sebrae.com.br\/wiki\/?page_id=412"},"modified":"2018-11-10T23:06:53","modified_gmt":"2018-11-11T01:06:53","slug":"cadastro","status":"publish","type":"page","link":"https:\/\/sites.pr.sebrae.com.br\/wiki\/campanha\/cadastro\/","title":{"rendered":"Cadastro"},"content":{"rendered":"<section class=\"av_textblock_section \"  itemscope=\"itemscope\" itemtype=\"https:\/\/schema.org\/CreativeWork\" ><div class='avia_textblock  '   itemprop=\"text\" ><h3>Cadastro de Campanha<\/h3>\n<p>O cadastro de campanha \u00e9 feito exclusivamente pelo departamento UMC, somente alguns perfis possuem acesso a esse cadastro.<\/p>\n<p>Para iniciar o cadastro acesse: <strong>SMART &gt; Campanha &gt; Cadastro<\/strong><\/p>\n<p><img loading=\"lazy\" class=\"alignnone size-full wp-image-457\" src=\"https:\/\/sites.pr.sebrae.com.br\/wiki\/wp-content\/uploads\/2018\/09\/cadastrocampanha_1.jpg\" alt=\"\" width=\"974\" height=\"212\" srcset=\"https:\/\/sites.pr.sebrae.com.br\/wiki\/wp-content\/uploads\/2018\/09\/cadastrocampanha_1.jpg 974w, https:\/\/sites.pr.sebrae.com.br\/wiki\/wp-content\/uploads\/2018\/09\/cadastrocampanha_1-300x65.jpg 300w, https:\/\/sites.pr.sebrae.com.br\/wiki\/wp-content\/uploads\/2018\/09\/cadastrocampanha_1-768x167.jpg 768w, https:\/\/sites.pr.sebrae.com.br\/wiki\/wp-content\/uploads\/2018\/09\/cadastrocampanha_1-705x153.jpg 705w, https:\/\/sites.pr.sebrae.com.br\/wiki\/wp-content\/uploads\/2018\/09\/cadastrocampanha_1-450x98.jpg 450w\" sizes=\"(max-width: 974px) 100vw, 974px\" \/><\/p>\n<p>Preencha o campo <strong>T\u00edtulo da Campanha<\/strong>, esse campo \u00e9 do tipo auto complete e caso o nome digitado j\u00e1 esteja sendo utilizado em outra campanha o sistema ir\u00e1 mostrar.<\/p>\n<p><img loading=\"lazy\" class=\"alignnone size-full wp-image-458\" src=\"https:\/\/sites.pr.sebrae.com.br\/wiki\/wp-content\/uploads\/2018\/09\/cadastrocampanha_2.jpg\" alt=\"\" width=\"567\" height=\"230\" srcset=\"https:\/\/sites.pr.sebrae.com.br\/wiki\/wp-content\/uploads\/2018\/09\/cadastrocampanha_2.jpg 567w, https:\/\/sites.pr.sebrae.com.br\/wiki\/wp-content\/uploads\/2018\/09\/cadastrocampanha_2-300x122.jpg 300w, https:\/\/sites.pr.sebrae.com.br\/wiki\/wp-content\/uploads\/2018\/09\/cadastrocampanha_2-450x183.jpg 450w\" sizes=\"(max-width: 567px) 100vw, 567px\" \/><\/p>\n<p>Ap\u00f3s digitar o nome aperte o <em>tab<\/em> no teclado e a tela de cadastro ir\u00e1 carregar. Nela ser\u00e1 poss\u00edvel selecionar o Tipo e Objetivo da campanha.<\/p>\n<p>A campanha pode ser vinculada a uma demanda e a uma disponibiliza\u00e7\u00e3o.<\/p>\n<p><img loading=\"lazy\" class=\"alignnone size-full wp-image-459\" src=\"https:\/\/sites.pr.sebrae.com.br\/wiki\/wp-content\/uploads\/2018\/09\/cadastrocampanha_3.jpg\" alt=\"\" width=\"854\" height=\"527\" srcset=\"https:\/\/sites.pr.sebrae.com.br\/wiki\/wp-content\/uploads\/2018\/09\/cadastrocampanha_3.jpg 854w, https:\/\/sites.pr.sebrae.com.br\/wiki\/wp-content\/uploads\/2018\/09\/cadastrocampanha_3-300x185.jpg 300w, https:\/\/sites.pr.sebrae.com.br\/wiki\/wp-content\/uploads\/2018\/09\/cadastrocampanha_3-768x474.jpg 768w, https:\/\/sites.pr.sebrae.com.br\/wiki\/wp-content\/uploads\/2018\/09\/cadastrocampanha_3-705x435.jpg 705w, https:\/\/sites.pr.sebrae.com.br\/wiki\/wp-content\/uploads\/2018\/09\/cadastrocampanha_3-450x278.jpg 450w\" sizes=\"(max-width: 854px) 100vw, 854px\" \/><\/p>\n<p>Ap\u00f3s preencher as informa\u00e7\u00f5es conforme a necessidade da campanha, clique em cadastrar.<\/p>\n<p>A pr\u00f3xima aba \u00e9 a <strong>P\u00fablico<\/strong>, se a campanha for vinculada a uma disponibiliza\u00e7\u00e3o essa aba dever\u00e1 vir j\u00e1 preenchida com a configura\u00e7\u00e3o feita na disponibiliza\u00e7\u00e3o. Caso seja uma campanha simples, o cadastro deve ser feito nesse momento.<\/p>\n<p><img loading=\"lazy\" class=\"alignnone size-full wp-image-460\" src=\"https:\/\/sites.pr.sebrae.com.br\/wiki\/wp-content\/uploads\/2018\/09\/cadastrocampanha_4.jpg\" alt=\"\" width=\"969\" height=\"356\" srcset=\"https:\/\/sites.pr.sebrae.com.br\/wiki\/wp-content\/uploads\/2018\/09\/cadastrocampanha_4.jpg 969w, https:\/\/sites.pr.sebrae.com.br\/wiki\/wp-content\/uploads\/2018\/09\/cadastrocampanha_4-300x110.jpg 300w, https:\/\/sites.pr.sebrae.com.br\/wiki\/wp-content\/uploads\/2018\/09\/cadastrocampanha_4-768x282.jpg 768w, https:\/\/sites.pr.sebrae.com.br\/wiki\/wp-content\/uploads\/2018\/09\/cadastrocampanha_4-705x259.jpg 705w, https:\/\/sites.pr.sebrae.com.br\/wiki\/wp-content\/uploads\/2018\/09\/cadastrocampanha_4-450x165.jpg 450w\" sizes=\"(max-width: 969px) 100vw, 969px\" \/><\/p>\n<p>Nesse momento iniciamos a configura\u00e7\u00e3o no formato em que a campanha dever\u00e1 ser executada, as op\u00e7\u00f5es s\u00e3o:<\/p>\n<p><strong>&#8211;<\/strong> Central de Relacionamento (Ativo Call Center)<br \/>\n<strong>&#8211;<\/strong> E-mail Marketing<br \/>\n<strong>&#8211;<\/strong> SMS<br \/>\n<strong>&#8211;<\/strong> Correspond\u00eancia<\/p>\n<p><strong>Central de Relacionamento (Ativo Call Center)<\/strong><\/p>\n<p>Para configurar uma campanha de ativo, nesse momento deve ser definido o per\u00edodo em que a campanha deve acontecer, qual o assunto da liga\u00e7\u00e3o e se necess\u00e1rio um script para que o atendente possa seguir no momento da liga\u00e7\u00e3o.<\/p>\n<p><img loading=\"lazy\" class=\"alignnone size-full wp-image-461\" src=\"https:\/\/sites.pr.sebrae.com.br\/wiki\/wp-content\/uploads\/2018\/09\/cadastrocampanha_5.jpg\" alt=\"\" width=\"974\" height=\"466\" srcset=\"https:\/\/sites.pr.sebrae.com.br\/wiki\/wp-content\/uploads\/2018\/09\/cadastrocampanha_5.jpg 974w, https:\/\/sites.pr.sebrae.com.br\/wiki\/wp-content\/uploads\/2018\/09\/cadastrocampanha_5-300x144.jpg 300w, https:\/\/sites.pr.sebrae.com.br\/wiki\/wp-content\/uploads\/2018\/09\/cadastrocampanha_5-768x367.jpg 768w, https:\/\/sites.pr.sebrae.com.br\/wiki\/wp-content\/uploads\/2018\/09\/cadastrocampanha_5-705x337.jpg 705w, https:\/\/sites.pr.sebrae.com.br\/wiki\/wp-content\/uploads\/2018\/09\/cadastrocampanha_5-450x215.jpg 450w\" sizes=\"(max-width: 974px) 100vw, 974px\" \/><\/p>\n<p>Preencha todas as informa\u00e7\u00f5es conforme a necessidade e se a campanha for somente de ativo basta e salvar e alterar o status da campanha para <strong>Cadastrada<\/strong>.<\/p>\n<p><img loading=\"lazy\" class=\"alignnone size-full wp-image-462\" src=\"https:\/\/sites.pr.sebrae.com.br\/wiki\/wp-content\/uploads\/2018\/09\/cadastrocampanha_6.jpg\" alt=\"\" width=\"272\" height=\"137\" \/><\/p>\n<p>Quando a campanha chegar no per\u00edodo configurado ela automaticamente entrara no status Ativa &#8211;\u00a0 Em Execu\u00e7\u00e3o e assim por diante at\u00e9 que seja finalizada.<\/p>\n<p>Para configurar as demais op\u00e7\u00f5es de execu\u00e7\u00e3o (<strong>SMS<\/strong> e <strong>Correspond\u00eancia<\/strong>) basta seguir os mesmos passos, preencher o per\u00edodo em que ela devera ser executa e as demais informa\u00e7\u00f5es solicitadas na tela.<\/p>\n<p>Na cria\u00e7\u00e3o de campanha de <strong>Correspond\u00eancia<\/strong> o sistema gera um arquivo com as etiquetas\u00a0 j\u00e1 configuradas com as informa\u00e7\u00f5es de envio para o cliente.<\/p>\n<p><img loading=\"lazy\" class=\"alignnone size-full wp-image-506\" src=\"https:\/\/sites.pr.sebrae.com.br\/wiki\/wp-content\/uploads\/2018\/09\/etiquetas_1.jpg\" alt=\"\" width=\"973\" height=\"309\" srcset=\"https:\/\/sites.pr.sebrae.com.br\/wiki\/wp-content\/uploads\/2018\/09\/etiquetas_1.jpg 973w, https:\/\/sites.pr.sebrae.com.br\/wiki\/wp-content\/uploads\/2018\/09\/etiquetas_1-300x95.jpg 300w, https:\/\/sites.pr.sebrae.com.br\/wiki\/wp-content\/uploads\/2018\/09\/etiquetas_1-768x244.jpg 768w, https:\/\/sites.pr.sebrae.com.br\/wiki\/wp-content\/uploads\/2018\/09\/etiquetas_1-705x224.jpg 705w, https:\/\/sites.pr.sebrae.com.br\/wiki\/wp-content\/uploads\/2018\/09\/etiquetas_1-450x143.jpg 450w\" sizes=\"(max-width: 973px) 100vw, 973px\" \/><\/p>\n<p>O arquivo com as etiquetas \u00e9 gerado em PDF.<\/p>\n<p><img loading=\"lazy\" class=\"alignnone size-full wp-image-507\" src=\"https:\/\/sites.pr.sebrae.com.br\/wiki\/wp-content\/uploads\/2018\/09\/etiquetas_2.jpg\" alt=\"\" width=\"993\" height=\"494\" srcset=\"https:\/\/sites.pr.sebrae.com.br\/wiki\/wp-content\/uploads\/2018\/09\/etiquetas_2.jpg 993w, https:\/\/sites.pr.sebrae.com.br\/wiki\/wp-content\/uploads\/2018\/09\/etiquetas_2-300x149.jpg 300w, https:\/\/sites.pr.sebrae.com.br\/wiki\/wp-content\/uploads\/2018\/09\/etiquetas_2-768x382.jpg 768w, https:\/\/sites.pr.sebrae.com.br\/wiki\/wp-content\/uploads\/2018\/09\/etiquetas_2-705x351.jpg 705w, https:\/\/sites.pr.sebrae.com.br\/wiki\/wp-content\/uploads\/2018\/09\/etiquetas_2-450x224.jpg 450w\" sizes=\"(max-width: 993px) 100vw, 993px\" \/><\/p>\n<p>Existe ainda a op\u00e7\u00e3o de criar uma campanha seguida da outra. Por exemplo:<\/p>\n<p>Uma campanha de <strong>Ativo<\/strong> pode ter na sequencia uma campanha de outro formato e assim por diante, basta selecionar a op\u00e7\u00e3o de continuidade, essa op\u00e7\u00e3o existe em todos os formatos:<\/p>\n<p><img loading=\"lazy\" class=\"alignnone size-full wp-image-463\" src=\"https:\/\/sites.pr.sebrae.com.br\/wiki\/wp-content\/uploads\/2018\/09\/cadastrocampanha_7.jpg\" alt=\"\" width=\"278\" height=\"91\" \/><br \/>\nPara que a configura\u00e7\u00e3o funcione \u00e9 necess\u00e1rio que a pr\u00f3xima modalidade escolhida seja configurada com per\u00edodo na sequ\u00eancia do per\u00edodo anterior (ativo (termina em 15\/10 \u00e0s 18:00 h) a pr\u00f3xima, por exemplo, pode ser o e-mail marketing (inicia em 16\/10 \u00e0s 08:00 h).<\/p>\n<p><img loading=\"lazy\" class=\"alignnone size-full wp-image-464\" src=\"https:\/\/sites.pr.sebrae.com.br\/wiki\/wp-content\/uploads\/2018\/09\/cadastrocampanha_8.jpg\" alt=\"\" width=\"973\" height=\"419\" srcset=\"https:\/\/sites.pr.sebrae.com.br\/wiki\/wp-content\/uploads\/2018\/09\/cadastrocampanha_8.jpg 973w, https:\/\/sites.pr.sebrae.com.br\/wiki\/wp-content\/uploads\/2018\/09\/cadastrocampanha_8-300x129.jpg 300w, https:\/\/sites.pr.sebrae.com.br\/wiki\/wp-content\/uploads\/2018\/09\/cadastrocampanha_8-768x331.jpg 768w, https:\/\/sites.pr.sebrae.com.br\/wiki\/wp-content\/uploads\/2018\/09\/cadastrocampanha_8-705x304.jpg 705w, https:\/\/sites.pr.sebrae.com.br\/wiki\/wp-content\/uploads\/2018\/09\/cadastrocampanha_8-450x194.jpg 450w\" sizes=\"(max-width: 973px) 100vw, 973px\" \/><\/p>\n<p>Na \u00faltima aba temos o <strong>Acompanhamento<\/strong>, nela \u00e9 poss\u00edvel acessar paginas do <strong>BI<\/strong> com informa\u00e7\u00f5es referente ao resultado de cada modalidade da Campanha.<\/p>\n<p><img loading=\"lazy\" class=\"alignnone size-full wp-image-465\" src=\"https:\/\/sites.pr.sebrae.com.br\/wiki\/wp-content\/uploads\/2018\/09\/cadastrocampanha_9.jpg\" alt=\"\" width=\"845\" height=\"234\" srcset=\"https:\/\/sites.pr.sebrae.com.br\/wiki\/wp-content\/uploads\/2018\/09\/cadastrocampanha_9.jpg 845w, https:\/\/sites.pr.sebrae.com.br\/wiki\/wp-content\/uploads\/2018\/09\/cadastrocampanha_9-300x83.jpg 300w, https:\/\/sites.pr.sebrae.com.br\/wiki\/wp-content\/uploads\/2018\/09\/cadastrocampanha_9-768x213.jpg 768w, https:\/\/sites.pr.sebrae.com.br\/wiki\/wp-content\/uploads\/2018\/09\/cadastrocampanha_9-705x195.jpg 705w, https:\/\/sites.pr.sebrae.com.br\/wiki\/wp-content\/uploads\/2018\/09\/cadastrocampanha_9-450x125.jpg 450w\" sizes=\"(max-width: 845px) 100vw, 845px\" \/><\/p>\n<\/div><\/section>\n<div class='av-buildercomment  '><\/div>\n","protected":false},"excerpt":{"rendered":"","protected":false},"author":2,"featured_media":0,"parent":28,"menu_order":1,"comment_status":"open","ping_status":"open","template":"","meta":[],"_links":{"self":[{"href":"https:\/\/sites.pr.sebrae.com.br\/wiki\/wp-json\/wp\/v2\/pages\/412"}],"collection":[{"href":"https:\/\/sites.pr.sebrae.com.br\/wiki\/wp-json\/wp\/v2\/pages"}],"about":[{"href":"https:\/\/sites.pr.sebrae.com.br\/wiki\/wp-json\/wp\/v2\/types\/page"}],"author":[{"embeddable":true,"href":"https:\/\/sites.pr.sebrae.com.br\/wiki\/wp-json\/wp\/v2\/users\/2"}],"replies":[{"embeddable":true,"href":"https:\/\/sites.pr.sebrae.com.br\/wiki\/wp-json\/wp\/v2\/comments?post=412"}],"version-history":[{"count":10,"href":"https:\/\/sites.pr.sebrae.com.br\/wiki\/wp-json\/wp\/v2\/pages\/412\/revisions"}],"predecessor-version":[{"id":985,"href":"https:\/\/sites.pr.sebrae.com.br\/wiki\/wp-json\/wp\/v2\/pages\/412\/revisions\/985"}],"up":[{"embeddable":true,"href":"https:\/\/sites.pr.sebrae.com.br\/wiki\/wp-json\/wp\/v2\/pages\/28"}],"wp:attachment":[{"href":"https:\/\/sites.pr.sebrae.com.br\/wiki\/wp-json\/wp\/v2\/media?parent=412"}],"curies":[{"name":"wp","href":"https:\/\/api.w.org\/{rel}","templated":true}]}}