{"id":23,"date":"2018-07-12T11:57:35","date_gmt":"2018-07-12T14:57:35","guid":{"rendered":"https:\/\/sites.pr.sebrae.com.br\/wiki\/?page_id=23"},"modified":"2020-12-02T12:41:28","modified_gmt":"2020-12-02T15:41:28","slug":"disponibilizacao","status":"publish","type":"page","link":"https:\/\/sites.pr.sebrae.com.br\/wiki\/disponibilizacao\/","title":{"rendered":"Disponibiliza\u00e7\u00e3o"},"content":{"rendered":"<section class=\"av_textblock_section \"  itemscope=\"itemscope\" itemtype=\"https:\/\/schema.org\/CreativeWork\" ><div class='avia_textblock  '   itemprop=\"text\" ><h3>DISPONIBILIZA\u00c7\u00c3O<\/h3>\n<p>SMART &gt; Disponibiliza\u00e7\u00e3o<\/p>\n<p>&gt; Cadastro (Disp)<br \/>\n&gt; Consulta (Disp)<\/p>\n<p><img loading=\"lazy\" class=\"alignnone size-full wp-image-1094\" src=\"https:\/\/sites.pr.sebrae.com.br\/wiki\/wp-content\/uploads\/2020\/12\/disponibilizacao.jpg\" alt=\"\" width=\"973\" height=\"148\" srcset=\"https:\/\/sites.pr.sebrae.com.br\/wiki\/wp-content\/uploads\/2020\/12\/disponibilizacao.jpg 973w, https:\/\/sites.pr.sebrae.com.br\/wiki\/wp-content\/uploads\/2020\/12\/disponibilizacao-300x46.jpg 300w, https:\/\/sites.pr.sebrae.com.br\/wiki\/wp-content\/uploads\/2020\/12\/disponibilizacao-768x117.jpg 768w, https:\/\/sites.pr.sebrae.com.br\/wiki\/wp-content\/uploads\/2020\/12\/disponibilizacao-705x107.jpg 705w, https:\/\/sites.pr.sebrae.com.br\/wiki\/wp-content\/uploads\/2020\/12\/disponibilizacao-450x68.jpg 450w\" sizes=\"(max-width: 973px) 100vw, 973px\" \/><\/p>\n<p>O conceito de disponibiliza\u00e7\u00e3o \u00e9 que voc\u00ea possa criar agendas com realizadores espec\u00edficos, dessa forma \u00e9 poss\u00edvel inserir participantes na lista de clientes, emitir certificado, definir valor a ser cobrado, dentre outras op\u00e7\u00f5es.<\/p>\n<p>A cria\u00e7\u00e3o da disp sempre ira necessitar de um Produto, seja ele padr\u00e3o &#8211; template &#8211; externo.<\/p>\n<p>Existe tamb\u00e9m a disponibiliza\u00e7\u00e3o de realizador, onde o disponibilizado ser\u00e1 o consultor, e o produto ser\u00e1 vinculado na aba produto da disp, conforme permiss\u00f5es do realizador.<\/p>\n<ul>\n<li><a href=\"https:\/\/sites.pr.sebrae.com.br\/wiki\/disponibilizacao\/cadastro-disp\/disponibilizacao-de-produto\/\">Cria\u00e7\u00e3o de disponibiliza\u00e7\u00e3o de Produto<\/a><\/li>\n<li><a href=\"https:\/\/sites.pr.sebrae.com.br\/wiki\/disponibilizacao\/cadastro-disp\/disponibilizacao-de-realizador\/\">Cria\u00e7\u00e3o de disponibiliza\u00e7\u00e3o de Realizador<\/a><\/li>\n<li><a href=\"https:\/\/sites.pr.sebrae.com.br\/wiki\/testee\/consulta-disp\/\">Consulta de Disponibiliza\u00e7\u00e3o<\/a><\/li>\n<\/ul>\n<\/div><\/section>\n","protected":false},"excerpt":{"rendered":"","protected":false},"author":1,"featured_media":0,"parent":0,"menu_order":0,"comment_status":"closed","ping_status":"closed","template":"","meta":[],"_links":{"self":[{"href":"https:\/\/sites.pr.sebrae.com.br\/wiki\/wp-json\/wp\/v2\/pages\/23"}],"collection":[{"href":"https:\/\/sites.pr.sebrae.com.br\/wiki\/wp-json\/wp\/v2\/pages"}],"about":[{"href":"https:\/\/sites.pr.sebrae.com.br\/wiki\/wp-json\/wp\/v2\/types\/page"}],"author":[{"embeddable":true,"href":"https:\/\/sites.pr.sebrae.com.br\/wiki\/wp-json\/wp\/v2\/users\/1"}],"replies":[{"embeddable":true,"href":"https:\/\/sites.pr.sebrae.com.br\/wiki\/wp-json\/wp\/v2\/comments?post=23"}],"version-history":[{"count":8,"href":"https:\/\/sites.pr.sebrae.com.br\/wiki\/wp-json\/wp\/v2\/pages\/23\/revisions"}],"predecessor-version":[{"id":1093,"href":"https:\/\/sites.pr.sebrae.com.br\/wiki\/wp-json\/wp\/v2\/pages\/23\/revisions\/1093"}],"wp:attachment":[{"href":"https:\/\/sites.pr.sebrae.com.br\/wiki\/wp-json\/wp\/v2\/media?parent=23"}],"curies":[{"name":"wp","href":"https:\/\/api.w.org\/{rel}","templated":true}]}}