{"id":1370,"date":"2024-06-27T11:51:38","date_gmt":"2024-06-27T14:51:38","guid":{"rendered":"https:\/\/sites.pr.sebrae.com.br\/wiki\/?page_id=1370"},"modified":"2024-06-27T17:20:06","modified_gmt":"2024-06-27T20:20:06","slug":"confirmacao-de-presenca-atendente","status":"publish","type":"page","link":"https:\/\/sites.pr.sebrae.com.br\/wiki\/disponibilizacao\/confirmacao-de-presenca-atendente\/","title":{"rendered":"Confirma\u00e7\u00e3o de presen\u00e7a &#8211; Atendente"},"content":{"rendered":"<h2>CONFIRMA\u00c7\u00c3O DE PRESEN\u00c7A &#8211; ATENDENTE<\/h2>\n<p><b>CONFIRMA\u00c7\u00c3O DE PRESEN\u00c7A &#8211; ATENDENTE<br \/>\n(<\/b><a href=\"https:\/\/app2.pr.sebrae.com.br\/mobile-presenca\/Home.do\"><em>https:\/\/app2.pr.sebrae.com.br\/mobile-presenca\/Home.do<\/em><\/a><b>)<\/b><\/p>\n<p>Semelhante ao confirma\u00e7\u00e3o de presen\u00e7a para participante, por link\/QR Code, temos a aplica\u00e7\u00e3o para o atendente do SEBRAE realizar as inscri\u00e7\u00f5es, a principal diferen\u00e7a, \u00e9 que aqui \u00e9 exigido o login, senha e disponibiliza\u00e7\u00e3o referente ao evento, por\u00e9m, isto \u00e9 exigido apenas uma vez, permitindo registrar diversos usu\u00e1rios.<\/p>\n<p>Da mesma maneira que na aplica\u00e7\u00e3o para o participante, \u00e9 permitido posteriormente exportar um relat\u00f3rio com todas as presen\u00e7as, inclusive referente aos clientes que n\u00e3o estavam inscritos na disponibiliza\u00e7\u00e3o no momento da confirma\u00e7\u00e3o, permitindo assim ao realizador os inscrever se assim desejar.<\/p>\n<p><b>Acesso<\/b><\/p>\n<p>Para acessar a confirma\u00e7\u00e3o de presen\u00e7a no acesso de atendente, voc\u00ea precisar\u00e1 do seu usu\u00e1rio\/senha AD, utilizado normalmente no \u00e2mbito do SEBRAE e o c\u00f3digo da disponibiliza\u00e7\u00e3o.<\/p>\n<p>O acesso a aplica\u00e7\u00e3o se d\u00e1 pela URL apresentada no inicio da p\u00e1gina, ou, clicando <a href=\"https:\/\/app2.pr.sebrae.com.br\/mobile-presenca\/Home.do\">AQUI<\/a>.<\/p>\n<p><a href=\"https:\/\/sites.pr.sebrae.com.br\/wiki\/wp-content\/uploads\/2024\/06\/1.png\"><img loading=\"lazy\" class=\"aligncenter size-full wp-image-1385\" src=\"https:\/\/sites.pr.sebrae.com.br\/wiki\/wp-content\/uploads\/2024\/06\/1.png\" alt=\"\" width=\"1898\" height=\"661\" srcset=\"https:\/\/sites.pr.sebrae.com.br\/wiki\/wp-content\/uploads\/2024\/06\/1.png 1898w, https:\/\/sites.pr.sebrae.com.br\/wiki\/wp-content\/uploads\/2024\/06\/1-300x104.png 300w, https:\/\/sites.pr.sebrae.com.br\/wiki\/wp-content\/uploads\/2024\/06\/1-1030x359.png 1030w, https:\/\/sites.pr.sebrae.com.br\/wiki\/wp-content\/uploads\/2024\/06\/1-768x267.png 768w, https:\/\/sites.pr.sebrae.com.br\/wiki\/wp-content\/uploads\/2024\/06\/1-1536x535.png 1536w, https:\/\/sites.pr.sebrae.com.br\/wiki\/wp-content\/uploads\/2024\/06\/1-1500x522.png 1500w, https:\/\/sites.pr.sebrae.com.br\/wiki\/wp-content\/uploads\/2024\/06\/1-705x246.png 705w, https:\/\/sites.pr.sebrae.com.br\/wiki\/wp-content\/uploads\/2024\/06\/1-450x157.png 450w\" sizes=\"(max-width: 1898px) 100vw, 1898px\" \/><\/a><\/p>\n<p>Em seguida, ser\u00e1 aberta uma janela com a data e hora do evento, para que voc\u00ea selecione a agenda desejada:<\/p>\n<p><a href=\"https:\/\/sites.pr.sebrae.com.br\/wiki\/wp-content\/uploads\/2024\/06\/2.png\"><img loading=\"lazy\" class=\"aligncenter size-full wp-image-1386\" src=\"https:\/\/sites.pr.sebrae.com.br\/wiki\/wp-content\/uploads\/2024\/06\/2.png\" alt=\"\" width=\"1904\" height=\"394\" srcset=\"https:\/\/sites.pr.sebrae.com.br\/wiki\/wp-content\/uploads\/2024\/06\/2.png 1904w, https:\/\/sites.pr.sebrae.com.br\/wiki\/wp-content\/uploads\/2024\/06\/2-300x62.png 300w, https:\/\/sites.pr.sebrae.com.br\/wiki\/wp-content\/uploads\/2024\/06\/2-1030x213.png 1030w, https:\/\/sites.pr.sebrae.com.br\/wiki\/wp-content\/uploads\/2024\/06\/2-768x159.png 768w, https:\/\/sites.pr.sebrae.com.br\/wiki\/wp-content\/uploads\/2024\/06\/2-1536x318.png 1536w, https:\/\/sites.pr.sebrae.com.br\/wiki\/wp-content\/uploads\/2024\/06\/2-1500x310.png 1500w, https:\/\/sites.pr.sebrae.com.br\/wiki\/wp-content\/uploads\/2024\/06\/2-705x146.png 705w, https:\/\/sites.pr.sebrae.com.br\/wiki\/wp-content\/uploads\/2024\/06\/2-450x93.png 450w\" sizes=\"(max-width: 1904px) 100vw, 1904px\" \/><\/a><\/p>\n<p>Ap\u00f3s selecionar, voc\u00ea dever\u00e1 digitar o CPF do participante:<\/p>\n<p><span style=\"color: #ff0000;\">Obs. Ir\u00e1 encontrar apenas o usu\u00e1rio caso ele possua um cadastro no SEBRAE-PR.<br \/>\nObs 2. N\u00e3o \u00e9 permitida a inscri\u00e7\u00e3o de agendas de outros dias ou at\u00e9 mais de duas horas para o inicio do evento, e para ter uma maior seguran\u00e7a, inserimos a data e hora do evento novamente nesta tela.<\/p>\n<p><a href=\"https:\/\/sites.pr.sebrae.com.br\/wiki\/wp-content\/uploads\/2024\/06\/digite-o-cpf.png\"><img loading=\"lazy\" class=\"aligncenter size-full wp-image-1388\" src=\"https:\/\/sites.pr.sebrae.com.br\/wiki\/wp-content\/uploads\/2024\/06\/digite-o-cpf.png\" alt=\"\" width=\"1904\" height=\"465\" srcset=\"https:\/\/sites.pr.sebrae.com.br\/wiki\/wp-content\/uploads\/2024\/06\/digite-o-cpf.png 1904w, https:\/\/sites.pr.sebrae.com.br\/wiki\/wp-content\/uploads\/2024\/06\/digite-o-cpf-300x73.png 300w, https:\/\/sites.pr.sebrae.com.br\/wiki\/wp-content\/uploads\/2024\/06\/digite-o-cpf-1030x252.png 1030w, https:\/\/sites.pr.sebrae.com.br\/wiki\/wp-content\/uploads\/2024\/06\/digite-o-cpf-768x188.png 768w, https:\/\/sites.pr.sebrae.com.br\/wiki\/wp-content\/uploads\/2024\/06\/digite-o-cpf-1536x375.png 1536w, https:\/\/sites.pr.sebrae.com.br\/wiki\/wp-content\/uploads\/2024\/06\/digite-o-cpf-1500x366.png 1500w, https:\/\/sites.pr.sebrae.com.br\/wiki\/wp-content\/uploads\/2024\/06\/digite-o-cpf-705x172.png 705w, https:\/\/sites.pr.sebrae.com.br\/wiki\/wp-content\/uploads\/2024\/06\/digite-o-cpf-450x110.png 450w\" sizes=\"(max-width: 1904px) 100vw, 1904px\" \/><\/a><br \/>\n<span style=\"color: #000000;\">Aqui voc\u00ea dever\u00e1 confirmar os dados do cliente e por fim, clicar em &#8220;Confirmar presen\u00e7a&#8221;:<\/span><br \/>\n<a href=\"https:\/\/sites.pr.sebrae.com.br\/wiki\/wp-content\/uploads\/2024\/06\/final.png\"><img loading=\"lazy\" class=\"aligncenter size-full wp-image-1389\" src=\"https:\/\/sites.pr.sebrae.com.br\/wiki\/wp-content\/uploads\/2024\/06\/final.png\" alt=\"\" width=\"1909\" height=\"675\" srcset=\"https:\/\/sites.pr.sebrae.com.br\/wiki\/wp-content\/uploads\/2024\/06\/final.png 1909w, https:\/\/sites.pr.sebrae.com.br\/wiki\/wp-content\/uploads\/2024\/06\/final-300x106.png 300w, https:\/\/sites.pr.sebrae.com.br\/wiki\/wp-content\/uploads\/2024\/06\/final-1030x364.png 1030w, https:\/\/sites.pr.sebrae.com.br\/wiki\/wp-content\/uploads\/2024\/06\/final-768x272.png 768w, https:\/\/sites.pr.sebrae.com.br\/wiki\/wp-content\/uploads\/2024\/06\/final-1536x543.png 1536w, https:\/\/sites.pr.sebrae.com.br\/wiki\/wp-content\/uploads\/2024\/06\/final-1500x530.png 1500w, https:\/\/sites.pr.sebrae.com.br\/wiki\/wp-content\/uploads\/2024\/06\/final-705x249.png 705w, https:\/\/sites.pr.sebrae.com.br\/wiki\/wp-content\/uploads\/2024\/06\/final-450x159.png 450w\" sizes=\"(max-width: 1909px) 100vw, 1909px\" \/><\/a><br \/>\n<\/span>Ap\u00f3s o preenchimento, ser\u00e1 exibida a mensagem de <strong>presen\u00e7a confirmada<\/strong>:<\/p>\n<p><img loading=\"lazy\" class=\"size-full wp-image-1165 aligncenter\" src=\"https:\/\/sites.pr.sebrae.com.br\/wiki\/wp-content\/uploads\/2021\/01\/QRCODE4.jpg\" alt=\"\" width=\"407\" height=\"304\" srcset=\"https:\/\/sites.pr.sebrae.com.br\/wiki\/wp-content\/uploads\/2021\/01\/QRCODE4.jpg 407w, https:\/\/sites.pr.sebrae.com.br\/wiki\/wp-content\/uploads\/2021\/01\/QRCODE4-300x224.jpg 300w\" sizes=\"(max-width: 407px) 100vw, 407px\" \/><\/p>\n<p><b><br \/>\n<\/b><span style=\"color: #ff0000;\"><span style=\"color: #000000;\">Devemos nos atentar a regra existente na aba &#8220;Execu\u00e7\u00e3o&#8221; no cadastro do produto relativa a % de presen\u00e7a:<\/span><\/span><\/p>\n<p><span style=\"color: #ff0000;\"><strong>Presen\u00e7a por dia<\/strong> &#8211; Caso tenham 3 agendas no dia, na mesma disp, confirmar para uma ir\u00e1 confirmar para todas.<\/span><br \/>\n<span style=\"color: #ff0000;\"> <strong>Presen\u00e7a para o curso<\/strong> &#8211; Neste caso, mesmo que existam diversas agendas em diversos dias, confirmar para uma ir\u00e1 consequentemente atribuir 100%.<\/span><br \/>\n<span style=\"color: #ff0000;\"> <strong>Presen\u00e7a por per\u00edodo<\/strong> &#8211; Aqui, cada confirma\u00e7\u00e3o ir\u00e1 valer para cada agenda, se existirem 2 agendas na disp, confirmar para uma ir\u00e1 garantir apenas 50% de presen\u00e7a.<\/span><br \/>\n<b><br \/>\nGerar Relat\u00f3rio para Presen\u00e7a Online<\/b><\/p>\n<p>Para gerar o relat\u00f3rio de presen\u00e7a online, basta acessar a aba \u201cAcompanhamento da disponibiliza\u00e7\u00e3o\u201d e selecionar a op\u00e7\u00e3o \u201cGerar relat\u00f3rio para presen\u00e7a online\u201d:<\/p>\n<p>Ao clicar nesta op\u00e7\u00e3o, o sistema ir\u00e1 realizar o download do relat\u00f3rio. No arquivo gerado ir\u00e1 constar todos os clientes que confirmaram presen\u00e7a via QRCode ou link de confirma\u00e7\u00e3o de presen\u00e7a, mas que n\u00e3o estavam inscritos na Disponibiliza\u00e7\u00e3o. Os clientes que n\u00e3o possuem inscri\u00e7\u00e3o pr\u00e9via ser\u00e3o adicionados ao relat\u00f3rio, atrav\u00e9s disso ser\u00e1 poss\u00edvel realizar a inscri\u00e7\u00e3o deles diretamente pela op\u00e7\u00e3o \u201cP\u00fablico Fechado\u201d da Disponibiliza\u00e7\u00e3o.<\/p>\n<p>Essas funcionalidades n\u00e3o est\u00e3o dispon\u00edveis para Disponibiliza\u00e7\u00f5es de realizador.<\/p>\n","protected":false},"excerpt":{"rendered":"<p>CONFIRMA\u00c7\u00c3O DE PRESEN\u00c7A &#8211; ATENDENTE CONFIRMA\u00c7\u00c3O DE PRESEN\u00c7A &#8211; ATENDENTE (https:\/\/app2.pr.sebrae.com.br\/mobile-presenca\/Home.do) Semelhante ao confirma\u00e7\u00e3o de presen\u00e7a para participante, por link\/QR Code, temos a aplica\u00e7\u00e3o para o atendente do SEBRAE realizar as inscri\u00e7\u00f5es, a principal diferen\u00e7a, \u00e9 que aqui \u00e9 exigido o login, senha e disponibiliza\u00e7\u00e3o referente ao evento, por\u00e9m, isto \u00e9 exigido apenas uma vez, [&hellip;]<\/p>\n","protected":false},"author":5,"featured_media":0,"parent":23,"menu_order":0,"comment_status":"closed","ping_status":"closed","template":"","meta":[],"_links":{"self":[{"href":"https:\/\/sites.pr.sebrae.com.br\/wiki\/wp-json\/wp\/v2\/pages\/1370"}],"collection":[{"href":"https:\/\/sites.pr.sebrae.com.br\/wiki\/wp-json\/wp\/v2\/pages"}],"about":[{"href":"https:\/\/sites.pr.sebrae.com.br\/wiki\/wp-json\/wp\/v2\/types\/page"}],"author":[{"embeddable":true,"href":"https:\/\/sites.pr.sebrae.com.br\/wiki\/wp-json\/wp\/v2\/users\/5"}],"replies":[{"embeddable":true,"href":"https:\/\/sites.pr.sebrae.com.br\/wiki\/wp-json\/wp\/v2\/comments?post=1370"}],"version-history":[{"count":3,"href":"https:\/\/sites.pr.sebrae.com.br\/wiki\/wp-json\/wp\/v2\/pages\/1370\/revisions"}],"predecessor-version":[{"id":1384,"href":"https:\/\/sites.pr.sebrae.com.br\/wiki\/wp-json\/wp\/v2\/pages\/1370\/revisions\/1384"}],"up":[{"embeddable":true,"href":"https:\/\/sites.pr.sebrae.com.br\/wiki\/wp-json\/wp\/v2\/pages\/23"}],"wp:attachment":[{"href":"https:\/\/sites.pr.sebrae.com.br\/wiki\/wp-json\/wp\/v2\/media?parent=1370"}],"curies":[{"name":"wp","href":"https:\/\/api.w.org\/{rel}","templated":true}]}}