{"id":1286,"date":"2021-03-22T15:55:21","date_gmt":"2021-03-22T18:55:21","guid":{"rendered":"https:\/\/sites.pr.sebrae.com.br\/wiki\/?page_id=1286"},"modified":"2021-03-22T15:57:49","modified_gmt":"2021-03-22T18:57:49","slug":"outros-menus-e-abas","status":"publish","type":"page","link":"https:\/\/sites.pr.sebrae.com.br\/wiki\/pessoas\/outros-menus-e-abas\/","title":{"rendered":"Outros Menus e Abas"},"content":{"rendered":"<section class=\"av_textblock_section \"  itemscope=\"itemscope\" itemtype=\"https:\/\/schema.org\/CreativeWork\" ><div class='avia_textblock  '   itemprop=\"text\" ><h3>Acesso R\u00e1pido<\/h3>\n<p>Painel com links de acesso a fontes externas e que nos ajudam para que estes dados n\u00e3o fiquem nas m\u00e1quinas das pessoas.<\/p>\n<p><img loading=\"lazy\" class=\"alignnone size-full wp-image-1278\" src=\"https:\/\/sites.pr.sebrae.com.br\/wiki\/wp-content\/uploads\/2021\/03\/pessoas010.png\" alt=\"\" width=\"1324\" height=\"442\" srcset=\"https:\/\/sites.pr.sebrae.com.br\/wiki\/wp-content\/uploads\/2021\/03\/pessoas010.png 1324w, https:\/\/sites.pr.sebrae.com.br\/wiki\/wp-content\/uploads\/2021\/03\/pessoas010-300x100.png 300w, https:\/\/sites.pr.sebrae.com.br\/wiki\/wp-content\/uploads\/2021\/03\/pessoas010-1030x344.png 1030w, https:\/\/sites.pr.sebrae.com.br\/wiki\/wp-content\/uploads\/2021\/03\/pessoas010-768x256.png 768w, https:\/\/sites.pr.sebrae.com.br\/wiki\/wp-content\/uploads\/2021\/03\/pessoas010-705x235.png 705w, https:\/\/sites.pr.sebrae.com.br\/wiki\/wp-content\/uploads\/2021\/03\/pessoas010-450x150.png 450w\" sizes=\"(max-width: 1324px) 100vw, 1324px\" \/><\/p>\n<h3>Documentos \u00dateis<\/h3>\n<p>Documentos usados no atendimento e que ficam de f\u00e1cil acesso a equipe, bastando acessar a tela do CRM.<\/p>\n<p><img loading=\"lazy\" class=\"alignnone size-full wp-image-1279\" src=\"https:\/\/sites.pr.sebrae.com.br\/wiki\/wp-content\/uploads\/2021\/03\/pessoas011.png\" alt=\"\" width=\"1624\" height=\"402\" srcset=\"https:\/\/sites.pr.sebrae.com.br\/wiki\/wp-content\/uploads\/2021\/03\/pessoas011.png 1624w, https:\/\/sites.pr.sebrae.com.br\/wiki\/wp-content\/uploads\/2021\/03\/pessoas011-300x74.png 300w, https:\/\/sites.pr.sebrae.com.br\/wiki\/wp-content\/uploads\/2021\/03\/pessoas011-1030x255.png 1030w, https:\/\/sites.pr.sebrae.com.br\/wiki\/wp-content\/uploads\/2021\/03\/pessoas011-768x190.png 768w, https:\/\/sites.pr.sebrae.com.br\/wiki\/wp-content\/uploads\/2021\/03\/pessoas011-1536x380.png 1536w, https:\/\/sites.pr.sebrae.com.br\/wiki\/wp-content\/uploads\/2021\/03\/pessoas011-1500x371.png 1500w, https:\/\/sites.pr.sebrae.com.br\/wiki\/wp-content\/uploads\/2021\/03\/pessoas011-705x175.png 705w, https:\/\/sites.pr.sebrae.com.br\/wiki\/wp-content\/uploads\/2021\/03\/pessoas011-450x111.png 450w\" sizes=\"(max-width: 1624px) 100vw, 1624px\" \/><\/p>\n<h3>Aba \u2013 Altera\u00e7\u00e3o de Cadastro<\/h3>\n<p>Nesta aba temos todas as altera\u00e7\u00f5es de cadastro, temos alguns bugs, mas ajuda a identificar dados anteriores.<\/p>\n<p><img loading=\"lazy\" class=\"alignnone size-full wp-image-1280\" src=\"https:\/\/sites.pr.sebrae.com.br\/wiki\/wp-content\/uploads\/2021\/03\/pessoas012.png\" alt=\"\" width=\"1614\" height=\"332\" srcset=\"https:\/\/sites.pr.sebrae.com.br\/wiki\/wp-content\/uploads\/2021\/03\/pessoas012.png 1614w, https:\/\/sites.pr.sebrae.com.br\/wiki\/wp-content\/uploads\/2021\/03\/pessoas012-300x62.png 300w, https:\/\/sites.pr.sebrae.com.br\/wiki\/wp-content\/uploads\/2021\/03\/pessoas012-1030x212.png 1030w, https:\/\/sites.pr.sebrae.com.br\/wiki\/wp-content\/uploads\/2021\/03\/pessoas012-768x158.png 768w, https:\/\/sites.pr.sebrae.com.br\/wiki\/wp-content\/uploads\/2021\/03\/pessoas012-1536x316.png 1536w, https:\/\/sites.pr.sebrae.com.br\/wiki\/wp-content\/uploads\/2021\/03\/pessoas012-1500x309.png 1500w, https:\/\/sites.pr.sebrae.com.br\/wiki\/wp-content\/uploads\/2021\/03\/pessoas012-705x145.png 705w, https:\/\/sites.pr.sebrae.com.br\/wiki\/wp-content\/uploads\/2021\/03\/pessoas012-450x93.png 450w\" sizes=\"(max-width: 1614px) 100vw, 1614px\" \/><\/p>\n<h3>Aba &#8211; Hist\u00f3rico de Relacionamento<\/h3>\n<p><img loading=\"lazy\" class=\"alignnone size-full wp-image-1281\" src=\"https:\/\/sites.pr.sebrae.com.br\/wiki\/wp-content\/uploads\/2021\/03\/pessoas013.png\" alt=\"\" width=\"1316\" height=\"373\" srcset=\"https:\/\/sites.pr.sebrae.com.br\/wiki\/wp-content\/uploads\/2021\/03\/pessoas013.png 1316w, https:\/\/sites.pr.sebrae.com.br\/wiki\/wp-content\/uploads\/2021\/03\/pessoas013-300x85.png 300w, https:\/\/sites.pr.sebrae.com.br\/wiki\/wp-content\/uploads\/2021\/03\/pessoas013-1030x292.png 1030w, https:\/\/sites.pr.sebrae.com.br\/wiki\/wp-content\/uploads\/2021\/03\/pessoas013-768x218.png 768w, https:\/\/sites.pr.sebrae.com.br\/wiki\/wp-content\/uploads\/2021\/03\/pessoas013-705x200.png 705w, https:\/\/sites.pr.sebrae.com.br\/wiki\/wp-content\/uploads\/2021\/03\/pessoas013-450x128.png 450w\" sizes=\"(max-width: 1316px) 100vw, 1316px\" \/><\/p>\n<p><strong>\u2022 Relacionamento \/ Intera\u00e7\u00f5es<\/strong><br \/>\nOnde s\u00e3o apresentadas as intera\u00e7\u00f5es dos Cliente, ou seja, todo relacionamento 1-1.<\/p>\n<p><strong>\u2022 Eventos\/Cursos\/Intera\u00e7\u00f5es<\/strong><br \/>\nOnde s\u00e3o apresentados as Disponibiliza\u00e7\u00f5es dos Clientes, ou seja, todo relacionamento no qual o cliente tenha mais de 1 participante.<\/p>\n<p><strong>\u2022 Cancelamentos<\/strong><br \/>\nS\u00e3o os eventos, disponibiliza\u00e7\u00f5es canceladas pelos clientes.<\/p>\n<p><strong>\u2022 Troca de Participante<\/strong><br \/>\nS\u00e3o as disponibiliza\u00e7\u00f5es que foi pedido para trocar a pessoa que vai participar.<\/p>\n<p><strong>\u2022 Troca de Agenda<\/strong><br \/>\nS\u00e3o os compromissos no qual o cliente pediu para mudar a data.<\/p>\n<h3>Aba \u2013 Pesquisas Aplicadas<\/h3>\n<p>Nesta aba ficam armazenadas todas as pesquisas realizadas pelo cliente no Smart Forms, com isto temos acesso r\u00e1pido ao que o cliente respondeu e podemos analisar antes de uma consultoria por exemplo as dores do cliente.<\/p>\n<h3>Aba \u2013 Informa\u00e7\u00f5es de Mercado<\/h3>\n<p>Esta aba est\u00e1 passando por um redesenho e deve incorporar o acesso ao Qlik Sense.<\/p>\n<h3>Aba \u2013 Produto Recomendado<\/h3>\n<p>Nesta aba fica o processo de ML no qual recomendamos ao cliente os produtos que s\u00e3o indicados para ele.<\/p>\n<p>Temos dois tipos de Recomenda\u00e7\u00e3o:<\/p>\n<p><strong>\u2022 ALS \u2013 Indicado ao Cliente<\/strong><br \/>\nNeste combo apresentamos os produtos que s\u00e3o recomendados aos clientes, mas para aparecer neste caso o cliente tem de ter hist\u00f3rico de relacionamento a princ\u00edpio.<br \/>\nPara uma pr\u00f3xima vers\u00e3o devemos trazer alguns produtos Default.<\/p>\n<p><strong>\u2022 Cluster \u2013 Indicado ao Segmento do Cliente<\/strong><br \/>\nNeste combo apresentamos os produtos que est\u00e3o sendo vendidos aos clientes com o mesmo perfil, assim temos uma ideia do que este tipo de cliente poderia consumir.<\/p>\n<h3>Aba \u2013 Arquivos<\/h3>\n<p><img loading=\"lazy\" class=\"alignnone size-full wp-image-1282\" src=\"https:\/\/sites.pr.sebrae.com.br\/wiki\/wp-content\/uploads\/2021\/03\/pessoas014.png\" alt=\"\" width=\"1260\" height=\"304\" srcset=\"https:\/\/sites.pr.sebrae.com.br\/wiki\/wp-content\/uploads\/2021\/03\/pessoas014.png 1260w, https:\/\/sites.pr.sebrae.com.br\/wiki\/wp-content\/uploads\/2021\/03\/pessoas014-300x72.png 300w, https:\/\/sites.pr.sebrae.com.br\/wiki\/wp-content\/uploads\/2021\/03\/pessoas014-1030x249.png 1030w, https:\/\/sites.pr.sebrae.com.br\/wiki\/wp-content\/uploads\/2021\/03\/pessoas014-768x185.png 768w, https:\/\/sites.pr.sebrae.com.br\/wiki\/wp-content\/uploads\/2021\/03\/pessoas014-705x170.png 705w, https:\/\/sites.pr.sebrae.com.br\/wiki\/wp-content\/uploads\/2021\/03\/pessoas014-450x109.png 450w\" sizes=\"(max-width: 1260px) 100vw, 1260px\" \/><\/p>\n<p><strong>\u2022 Arquivos do Cliente<\/strong><br \/>\no Nesta pasta ficam os arquivos enviados pelo cliente, assim n\u00e3o precisam ser arquivados em nenhum outro lugar.<\/p>\n<p><strong>\u2022 Documentos Confidenciais<\/strong><br \/>\no S\u00e3o documentos confidenciais do cliente e que n\u00e3o devem ser divulgados, no m\u00e1ximo consultado.<\/p>\n<p><strong>\u2022 Certifica\u00e7\u00f5es Externas<\/strong><br \/>\no Alguns projetos necessitam que sejam geradas cerifica\u00e7\u00f5es que comprovem a efetividade da atua\u00e7\u00e3o junto ao cliente. Aqui ficam armazenados estes dados.<\/p>\n<p><strong>\u2022 Intera\u00e7\u00f5es e Certificados Sebrae<\/strong><br \/>\no Aqui pode ser poss\u00edvel reimprimir todos os certificados do cliente, ficando f\u00e1cil ao atendimento a consulta desta informa\u00e7\u00e3o.<\/p>\n<p><strong>\u2022 Fotos<\/strong><br \/>\no Aqui armazenamos o hist\u00f3rico de fotos do cliente que ser\u00e1 usado no projeto de reconhecimento facial.<\/p>\n<\/div><\/section>\n<div class='av-buildercomment  '><\/div>\n","protected":false},"excerpt":{"rendered":"","protected":false},"author":2,"featured_media":0,"parent":723,"menu_order":4,"comment_status":"open","ping_status":"closed","template":"","meta":[],"_links":{"self":[{"href":"https:\/\/sites.pr.sebrae.com.br\/wiki\/wp-json\/wp\/v2\/pages\/1286"}],"collection":[{"href":"https:\/\/sites.pr.sebrae.com.br\/wiki\/wp-json\/wp\/v2\/pages"}],"about":[{"href":"https:\/\/sites.pr.sebrae.com.br\/wiki\/wp-json\/wp\/v2\/types\/page"}],"author":[{"embeddable":true,"href":"https:\/\/sites.pr.sebrae.com.br\/wiki\/wp-json\/wp\/v2\/users\/2"}],"replies":[{"embeddable":true,"href":"https:\/\/sites.pr.sebrae.com.br\/wiki\/wp-json\/wp\/v2\/comments?post=1286"}],"version-history":[{"count":5,"href":"https:\/\/sites.pr.sebrae.com.br\/wiki\/wp-json\/wp\/v2\/pages\/1286\/revisions"}],"predecessor-version":[{"id":1288,"href":"https:\/\/sites.pr.sebrae.com.br\/wiki\/wp-json\/wp\/v2\/pages\/1286\/revisions\/1288"}],"up":[{"embeddable":true,"href":"https:\/\/sites.pr.sebrae.com.br\/wiki\/wp-json\/wp\/v2\/pages\/723"}],"wp:attachment":[{"href":"https:\/\/sites.pr.sebrae.com.br\/wiki\/wp-json\/wp\/v2\/media?parent=1286"}],"curies":[{"name":"wp","href":"https:\/\/api.w.org\/{rel}","templated":true}]}}