{"id":1186,"date":"2021-01-18T17:02:39","date_gmt":"2021-01-18T20:02:39","guid":{"rendered":"https:\/\/sites.pr.sebrae.com.br\/wiki\/?page_id=1186"},"modified":"2021-03-22T15:42:13","modified_gmt":"2021-03-22T18:42:13","slug":"outros-tipos-de-cadastro","status":"publish","type":"page","link":"https:\/\/sites.pr.sebrae.com.br\/wiki\/pessoas\/outros-tipos-de-cadastro\/","title":{"rendered":"Outros tipos de cadastro"},"content":{"rendered":"<section class=\"av_textblock_section \"  itemscope=\"itemscope\" itemtype=\"https:\/\/schema.org\/CreativeWork\" ><div class='avia_textblock  '   itemprop=\"text\" ><h2><strong>Cadastro Produtor Rural<\/strong><\/h2>\n<p>O cadastro de produtor rural foi desenvolvido para facilitar o controle e a gest\u00e3o deste tipo de clientes. Todo o nosso cadastro \u00e9 baseado no CADPRO, mas temos alguns poucos casos com c\u00f3digo de pescador e c\u00f3digo DAP.<br \/>\nO objetivo de transformar o CADPRO em chave \u00e9 garantir o lan\u00e7amento do relacionamento em cima do mesmo cadastro, n\u00e3o gerando duplicidade de clientes Rurais. Al\u00e9m disto ele traz uma intelig\u00eancia que quanto o cliente PF tem uma propriedade Rural ele j\u00e1 informa na barra de status <img loading=\"lazy\" class=\"alignnone size-full wp-image-1275\" src=\"https:\/\/sites.pr.sebrae.com.br\/wiki\/wp-content\/uploads\/2021\/03\/pessoas7.png\" alt=\"\" width=\"22\" height=\"26\" \/> esta informa\u00e7\u00e3o e mostra o n\u00famero de CADPRO do cliente.<\/p>\n<p>O Cadastro de produtor Rural segue a mesma estrutura do Cadastro de pessoa Jur\u00eddica, apenas mudando o quadro de Caracter\u00edsticas Empresarial, no qual temos dados complementares e espec\u00edficos para uma propriedade Rural.<\/p>\n<h2><strong>Cadastro Startup<br \/>\n<\/strong><\/h2>\n<p>O Cadastro de Startup segue tamb\u00e9m a mesma estrutura do cadastro de pessoa jur\u00eddica, a ponto que podem existir pessoas jur\u00eddicas que s\u00e3o startups.<br \/>\nNeste caso basta cadastrar uma Pessoa Jur\u00eddica e ap\u00f3s marcar o combo abaixo, neste caso o cadastro se torna de startup e passar a compor este p\u00fablico alvo.<br \/>\nDevemos lembra que startup \u00e9 um modelo de gest\u00e3o e neg\u00f3cio que muitas vezes come\u00e7a com um teste, mas tende a se tornar uma empresa como as demais.<\/p>\n<p><img loading=\"lazy\" class=\"alignnone size-full wp-image-1276\" src=\"https:\/\/sites.pr.sebrae.com.br\/wiki\/wp-content\/uploads\/2021\/03\/pessoas8.png\" alt=\"\" width=\"518\" height=\"50\" srcset=\"https:\/\/sites.pr.sebrae.com.br\/wiki\/wp-content\/uploads\/2021\/03\/pessoas8.png 518w, https:\/\/sites.pr.sebrae.com.br\/wiki\/wp-content\/uploads\/2021\/03\/pessoas8-300x29.png 300w, https:\/\/sites.pr.sebrae.com.br\/wiki\/wp-content\/uploads\/2021\/03\/pessoas8-450x43.png 450w\" sizes=\"(max-width: 518px) 100vw, 518px\" \/><\/p>\n<p>Mas ainda temos startups que n\u00e3o tem CNPJ, neste caso basta acessar a tela de cadastrar startup, mas observando que n\u00e3o podemos ter duas startups sem CNPJ, mas com a mesma raz\u00e3o social, o sistema n\u00e3o permite e esta \u00e9 uma forma de controlarmos redund\u00e2ncia.<\/p>\n<p><img loading=\"lazy\" class=\"alignnone size-full wp-image-1277\" src=\"https:\/\/sites.pr.sebrae.com.br\/wiki\/wp-content\/uploads\/2021\/03\/pessoas9.png\" alt=\"\" width=\"541\" height=\"280\" srcset=\"https:\/\/sites.pr.sebrae.com.br\/wiki\/wp-content\/uploads\/2021\/03\/pessoas9.png 541w, https:\/\/sites.pr.sebrae.com.br\/wiki\/wp-content\/uploads\/2021\/03\/pessoas9-300x155.png 300w, https:\/\/sites.pr.sebrae.com.br\/wiki\/wp-content\/uploads\/2021\/03\/pessoas9-450x233.png 450w\" sizes=\"(max-width: 541px) 100vw, 541px\" \/><\/p>\n<h2><strong>Cadastro Escolas<br \/>\n<\/strong><\/h2>\n<p>Este cadastro foi criado pois as escolas do governo somente t\u00eam o C\u00f3digo INEP e n\u00e3o tem CNPJ, como tamb\u00e9m a maioria das escolas n\u00e3o tem Associa\u00e7\u00e3o de Pais e Mestres, com isto n\u00e3o temos um CNPJ distintos e acabava-se criando escolas duplicadas, triplicadas. Com isto o C\u00f3digo INEP \u00e9 \u00fanico e ele pode apontar para o CNPJ respectivo.<\/p>\n<p><strong>C\u00f3digo INEP<\/strong><br \/>\nO Cadastro de Escolas e Institui\u00e7\u00e3o de Ensino permite identificar de maneira unificada cada uma das escolas do Brasil, de acordo com o cadastro junto ao Minist\u00e9rio da Educa\u00e7\u00e3o \u2013 devendo conter oito caracteres num\u00e9ricos e nenhuma letra (sem exce\u00e7\u00e3o, exemplo: &#8220;13082175&#8221;).<br \/>\nNenhuma institui\u00e7\u00e3o de ensino pode atuar sem um C\u00f3digo INEP, pois ela n\u00e3o consegue enviar os dados dos alunos ao MEC.<\/p>\n<p><strong>Data de Abertura<\/strong><br \/>\nData de Funda\u00e7\u00e3o da Escola<\/p>\n<p><strong>Raz\u00e3o Social<\/strong><br \/>\nNome Oficial da Escola Junto ao MEC.<\/p>\n<p><strong>Nome Fantasia<\/strong><br \/>\nNome pelo qual a escola \u00e9 reconhecida na regi\u00e3o, no munic\u00edpio.<\/p>\n<p><strong>Porte<\/strong><br \/>\nO porte segue o padr\u00e3o do MEC que \u00e9 baseada no volume de Matr\u00edculas, com isto sabemos se a escola \u00e9 de Micro porte at\u00e9 Grande Porte e n\u00e3o avalia Faturamento.<\/p>\n<p><strong>Nr Func<\/strong><br \/>\nN\u00famero de Funcion\u00e1rios que atuam na escola<\/p>\n<p><strong>Empresa Representante<\/strong><br \/>\nEste \u00e9 o CNPJ que ser\u00e1 usado para envio dos dados ao Sebrae\/NA. Quando a escola \u00e9 privada, usamos o CNPJ da escola, quando a escola \u00e9 p\u00fablica podemos usar a associa\u00e7\u00e3o de pais e mestres e quando n\u00e3o tem usamos o CNPJ da Secretaria de Educa\u00e7\u00e3o. O Ideal \u00e9 sempre usar CNPJS distintos.<\/p>\n<p><strong>Depend\u00eancia Administrativa<\/strong><br \/>\nInforma qual a Forma de Financiamento da Escola, ou seja, quem paga as contas.<\/p>\n<p><strong>Categoria da Escola<\/strong><br \/>\nInforma o modelo de atua\u00e7\u00e3o da escola.<\/p>\n<p><strong>Etapas e Modalidade de Ensino Oferecidas<\/strong><br \/>\nInforma as etapas de educa\u00e7\u00e3o oferecidas.<\/p>\n<p><strong>Endere\u00e7o\/ Telefone \/ E-mail \/ Redes Sociais \/ Interesses\/V\u00ednculos\/ Grupos e Observa\u00e7\u00e3o<\/strong><br \/>\nEstes campos seguem o mesmo padr\u00e3o do cadastro Pessoa F\u00edsica, Jur\u00eddica, Startup e Rural.<\/p>\n<\/div><\/section>\n<div class='av-buildercomment  '><\/div>\n","protected":false},"excerpt":{"rendered":"","protected":false},"author":2,"featured_media":0,"parent":723,"menu_order":3,"comment_status":"open","ping_status":"closed","template":"","meta":[],"_links":{"self":[{"href":"https:\/\/sites.pr.sebrae.com.br\/wiki\/wp-json\/wp\/v2\/pages\/1186"}],"collection":[{"href":"https:\/\/sites.pr.sebrae.com.br\/wiki\/wp-json\/wp\/v2\/pages"}],"about":[{"href":"https:\/\/sites.pr.sebrae.com.br\/wiki\/wp-json\/wp\/v2\/types\/page"}],"author":[{"embeddable":true,"href":"https:\/\/sites.pr.sebrae.com.br\/wiki\/wp-json\/wp\/v2\/users\/2"}],"replies":[{"embeddable":true,"href":"https:\/\/sites.pr.sebrae.com.br\/wiki\/wp-json\/wp\/v2\/comments?post=1186"}],"version-history":[{"count":5,"href":"https:\/\/sites.pr.sebrae.com.br\/wiki\/wp-json\/wp\/v2\/pages\/1186\/revisions"}],"predecessor-version":[{"id":1274,"href":"https:\/\/sites.pr.sebrae.com.br\/wiki\/wp-json\/wp\/v2\/pages\/1186\/revisions\/1274"}],"up":[{"embeddable":true,"href":"https:\/\/sites.pr.sebrae.com.br\/wiki\/wp-json\/wp\/v2\/pages\/723"}],"wp:attachment":[{"href":"https:\/\/sites.pr.sebrae.com.br\/wiki\/wp-json\/wp\/v2\/media?parent=1186"}],"curies":[{"name":"wp","href":"https:\/\/api.w.org\/{rel}","templated":true}]}}